{"id":415,"date":"2022-11-21T14:03:18","date_gmt":"2022-11-21T13:03:18","guid":{"rendered":"https:\/\/chateauvaleyres.ch\/presentation\/"},"modified":"2025-11-20T15:34:19","modified_gmt":"2025-11-20T14:34:19","slug":"presentation","status":"publish","type":"page","link":"https:\/\/www.chateauvaleyres.ch\/de\/presentation\/","title":{"rendered":"Pr\u00e9sentation"},"content":{"rendered":"\t\t<div data-elementor-type=\"wp-page\" data-elementor-id=\"415\" class=\"elementor elementor-415 elementor-93\" data-elementor-post-type=\"page\">\n\t\t\t\t\t\t<section class=\"elementor-section elementor-top-section elementor-element elementor-element-fff0a87 elementor-section-full_width elementor-section-stretched elementor-hidden-desktop elementor-section-height-default elementor-section-height-default\" data-id=\"fff0a87\" data-element_type=\"section\" data-settings=\"{&quot;stretch_section&quot;:&quot;section-stretched&quot;}\">\n\t\t\t\t\t\t<div class=\"elementor-container elementor-column-gap-no\">\n\t\t\t\t\t<div class=\"elementor-column elementor-col-100 elementor-top-column elementor-element elementor-element-61803f2\" data-id=\"61803f2\" data-element_type=\"column\">\n\t\t\t<div class=\"elementor-widget-wrap elementor-element-populated\">\n\t\t\t\t\t\t<div class=\"elementor-element elementor-element-74668a6 elementor-hidden-desktop elementor-widget elementor-widget-image\" data-id=\"74668a6\" data-element_type=\"widget\" data-widget_type=\"image.default\">\n\t\t\t\t<div class=\"elementor-widget-container\">\n\t\t\t\t\t\t\t\t\t\t\t\t\t<img fetchpriority=\"high\" decoding=\"async\" width=\"1024\" height=\"683\" src=\"https:\/\/www.chateauvaleyres.ch\/wp-content\/uploads\/2025\/11\/Chateau_de_Valeyres_39-1024x683.jpg\" class=\"attachment-large size-large wp-image-1296\" alt=\"\" srcset=\"https:\/\/www.chateauvaleyres.ch\/wp-content\/uploads\/2025\/11\/Chateau_de_Valeyres_39-1024x683.jpg 1024w, https:\/\/www.chateauvaleyres.ch\/wp-content\/uploads\/2025\/11\/Chateau_de_Valeyres_39-300x200.jpg 300w, https:\/\/www.chateauvaleyres.ch\/wp-content\/uploads\/2025\/11\/Chateau_de_Valeyres_39-768x512.jpg 768w, https:\/\/www.chateauvaleyres.ch\/wp-content\/uploads\/2025\/11\/Chateau_de_Valeyres_39-1536x1024.jpg 1536w, https:\/\/www.chateauvaleyres.ch\/wp-content\/uploads\/2025\/11\/Chateau_de_Valeyres_39.jpg 1920w\" sizes=\"(max-width: 1024px) 100vw, 1024px\" \/>\t\t\t\t\t\t\t\t\t\t\t\t\t<\/div>\n\t\t\t\t<\/div>\n\t\t\t\t\t<\/div>\n\t\t<\/div>\n\t\t\t\t\t<\/div>\n\t\t<\/section>\n\t\t\t\t<section class=\"elementor-section elementor-top-section elementor-element elementor-element-6781e3a elementor-section-full_width elementor-section-stretched elementor-hidden-tablet elementor-hidden-mobile elementor-section-height-default elementor-section-height-default\" data-id=\"6781e3a\" data-element_type=\"section\" data-settings=\"{&quot;stretch_section&quot;:&quot;section-stretched&quot;}\">\n\t\t\t\t\t\t<div class=\"elementor-container elementor-column-gap-default\">\n\t\t\t\t\t<div class=\"elementor-column elementor-col-100 elementor-top-column elementor-element elementor-element-d237936\" data-id=\"d237936\" data-element_type=\"column\">\n\t\t\t<div class=\"elementor-widget-wrap elementor-element-populated\">\n\t\t\t\t\t\t<div class=\"elementor-element elementor-element-21bbe3b elementor-widget elementor-widget-image\" data-id=\"21bbe3b\" data-element_type=\"widget\" data-widget_type=\"image.default\">\n\t\t\t\t<div class=\"elementor-widget-container\">\n\t\t\t\t\t\t\t\t\t\t\t\t\t<img decoding=\"async\" width=\"1920\" height=\"1280\" src=\"https:\/\/www.chateauvaleyres.ch\/wp-content\/uploads\/2025\/11\/Chateau_de_Valeyres_39.jpg\" class=\"attachment-full size-full wp-image-1296\" alt=\"\" srcset=\"https:\/\/www.chateauvaleyres.ch\/wp-content\/uploads\/2025\/11\/Chateau_de_Valeyres_39.jpg 1920w, https:\/\/www.chateauvaleyres.ch\/wp-content\/uploads\/2025\/11\/Chateau_de_Valeyres_39-300x200.jpg 300w, https:\/\/www.chateauvaleyres.ch\/wp-content\/uploads\/2025\/11\/Chateau_de_Valeyres_39-1024x683.jpg 1024w, https:\/\/www.chateauvaleyres.ch\/wp-content\/uploads\/2025\/11\/Chateau_de_Valeyres_39-768x512.jpg 768w, https:\/\/www.chateauvaleyres.ch\/wp-content\/uploads\/2025\/11\/Chateau_de_Valeyres_39-1536x1024.jpg 1536w\" sizes=\"(max-width: 1920px) 100vw, 1920px\" \/>\t\t\t\t\t\t\t\t\t\t\t\t\t<\/div>\n\t\t\t\t<\/div>\n\t\t\t\t\t<\/div>\n\t\t<\/div>\n\t\t\t\t\t<\/div>\n\t\t<\/section>\n\t\t\t\t<section class=\"elementor-section elementor-top-section elementor-element elementor-element-e8a9112 elementor-section-boxed elementor-section-height-default elementor-section-height-default\" data-id=\"e8a9112\" data-element_type=\"section\">\n\t\t\t\t\t\t<div class=\"elementor-container elementor-column-gap-default\">\n\t\t\t\t\t<div class=\"elementor-column elementor-col-50 elementor-top-column elementor-element elementor-element-626744b elementor-invisible\" data-id=\"626744b\" data-element_type=\"column\" data-settings=\"{&quot;animation&quot;:&quot;fadeIn&quot;,&quot;animation_delay&quot;:200}\">\n\t\t\t<div class=\"elementor-widget-wrap elementor-element-populated\">\n\t\t\t\t\t\t<div class=\"elementor-element elementor-element-ea2cded elementor-widget elementor-widget-heading\" data-id=\"ea2cded\" data-element_type=\"widget\" data-widget_type=\"heading.default\">\n\t\t\t\t<div class=\"elementor-widget-container\">\n\t\t\t<h2 class=\"elementor-heading-title elementor-size-default\">Benjamin Morel<\/h2>\t\t<\/div>\n\t\t\t\t<\/div>\n\t\t\t\t<div class=\"elementor-element elementor-element-c7a5ac9 elementor-widget elementor-widget-text-editor\" data-id=\"c7a5ac9\" data-element_type=\"widget\" data-widget_type=\"text-editor.default\">\n\t\t\t\t<div class=\"elementor-widget-container\">\n\t\t\t\t\t\t\t<p>Mit Benjamin, Enkel von Alphonse und Sohn von Marc-Antoine Morel, ist bereits die dritte Generation im Ch\u00e2teau de Valeyres am Werk. Nach dem Erwerb des Ingenieurs-Diploms an der Fachhochschule von Changin und des eidgen\u00f6ssischen Fachausweises, sammelte er Erfahrungen in der Schweiz und im Ausland. 2004 \u00fcbernahm er die Leitung des familiengef\u00fchrten Weingutes. Er und seine Gemahlin Anne, die ihn tatkr\u00e4ftig unterst\u00fctzt, sind Eltern von zwei T\u00f6chtern. \u00d6nologie ist die Leidenschaft von Benjamin &#8211; der Weinkeller sein Reich. Dar\u00fcber hinaus engagiert er sich mit Leib und Seele f\u00fcr die Aufwertung der Rebberge der C\u00f4tes de l\u2019Orbe.    <\/p>\t\t\t\t\t\t<\/div>\n\t\t\t\t<\/div>\n\t\t\t\t\t<\/div>\n\t\t<\/div>\n\t\t\t\t<div class=\"elementor-column elementor-col-50 elementor-top-column elementor-element elementor-element-2142670 elementor-invisible\" data-id=\"2142670\" data-element_type=\"column\" data-settings=\"{&quot;animation&quot;:&quot;fadeIn&quot;}\">\n\t\t\t<div class=\"elementor-widget-wrap elementor-element-populated\">\n\t\t\t\t\t\t<div class=\"elementor-element elementor-element-c3e3ebd elementor-widget elementor-widget-heading\" data-id=\"c3e3ebd\" data-element_type=\"widget\" data-widget_type=\"heading.default\">\n\t\t\t\t<div class=\"elementor-widget-container\">\n\t\t\t<h2 class=\"elementor-heading-title elementor-size-default\">Fr\u00e9d\u00e9ric Hostettler<\/h2>\t\t<\/div>\n\t\t\t\t<\/div>\n\t\t\t\t<div class=\"elementor-element elementor-element-7883898 elementor-widget elementor-widget-text-editor\" data-id=\"7883898\" data-element_type=\"widget\" data-widget_type=\"text-editor.default\">\n\t\t\t\t<div class=\"elementor-widget-container\">\n\t\t\t\t\t\t\t<p>Fr\u00e9d\u00e9ric, Sohn eines Weinbauern und waschechter Spross von Valeyres-sous-Rances, ist ein Mann der Praxis. Weil ihn der Winzerberuf seit jeher begeisterte, bildete er sich zum Meister im Weinbau aus und erwarb darauf das Diplom an der \u00f6nologischen Ingenieur-Schule von Changins. Er ist verheiratet mit Johanna, die sich ebenfalls auf dem Weingut engagiert, und Vater von zwei Kindern. Fr\u00e9d\u00e9ric ist selbstst\u00e4ndig und ein wichtiger Partner des Ch\u00e2teau de Valeyres. Zusammen mit Benjamin Morel entwickelt und pflegt er mehrere Weinspezialit\u00e4ten. Dazu geh\u00f6ren die Produktlinie \u00abConfidentiel\u00bb und eine agronomische Neuentwicklung, welche den Namen \u00abGermination\u00bb (= Auskeimung) tr\u00e4gt.    <\/p>\t\t\t\t\t\t<\/div>\n\t\t\t\t<\/div>\n\t\t\t\t\t<\/div>\n\t\t<\/div>\n\t\t\t\t\t<\/div>\n\t\t<\/section>\n\t\t\t\t<section class=\"elementor-section elementor-top-section elementor-element elementor-element-94c48fe elementor-section-boxed elementor-section-height-default elementor-section-height-default\" data-id=\"94c48fe\" data-element_type=\"section\">\n\t\t\t\t\t\t<div class=\"elementor-container elementor-column-gap-default\">\n\t\t\t\t\t<div class=\"elementor-column elementor-col-100 elementor-top-column elementor-element elementor-element-ecc6484\" data-id=\"ecc6484\" data-element_type=\"column\">\n\t\t\t<div class=\"elementor-widget-wrap elementor-element-populated\">\n\t\t\t\t\t\t<div class=\"elementor-element elementor-element-7959497 elementor-widget elementor-widget-heading\" data-id=\"7959497\" data-element_type=\"widget\" data-widget_type=\"heading.default\">\n\t\t\t\t<div class=\"elementor-widget-container\">\n\t\t\t<h2 class=\"elementor-heading-title elementor-size-default\">Podcast sur le domaine<\/h2>\t\t<\/div>\n\t\t\t\t<\/div>\n\t\t\t\t<div class=\"elementor-element elementor-element-3d256bf elementor-widget elementor-widget-wp-widget-media_audio\" data-id=\"3d256bf\" data-element_type=\"widget\" data-widget_type=\"wp-widget-media_audio.default\">\n\t\t\t\t<div class=\"elementor-widget-container\">\n\t\t\t<h5>\u00c9mission Bille en t\u00eate de novembre 2019 \u00e0 propos du domaine<\/h5><audio class=\"wp-audio-shortcode\" id=\"audio-415-1\" preload=\"none\" style=\"width: 100%;\" controls=\"controls\"><source type=\"audio\/mpeg\" src=\"https:\/\/www.chateauvaleyres.ch\/wp-content\/uploads\/2023\/01\/Bille-en-tete-du-20-11-2019.mp3?_=1\" \/><source type=\"audio\/mpeg\" src=\"https:\/\/chateauvaleyres.ch\/wp-content\/uploads\/2023\/01\/Bille-en-tete-du-20-11-2019.mp3?_=1\" \/><a href=\"https:\/\/www.chateauvaleyres.ch\/wp-content\/uploads\/2023\/01\/Bille-en-tete-du-20-11-2019.mp3\">https:\/\/www.chateauvaleyres.ch\/wp-content\/uploads\/2023\/01\/Bille-en-tete-du-20-11-2019.mp3<\/a><\/audio>\t\t<\/div>\n\t\t\t\t<\/div>\n\t\t\t\t\t<\/div>\n\t\t<\/div>\n\t\t\t\t\t<\/div>\n\t\t<\/section>\n\t\t\t\t<section class=\"elementor-section elementor-top-section elementor-element elementor-element-1074c4d elementor-section-boxed elementor-section-height-default elementor-section-height-default\" data-id=\"1074c4d\" data-element_type=\"section\">\n\t\t\t\t\t\t<div class=\"elementor-container elementor-column-gap-default\">\n\t\t\t\t\t<div class=\"elementor-column elementor-col-100 elementor-top-column elementor-element elementor-element-cd42dca\" data-id=\"cd42dca\" data-element_type=\"column\">\n\t\t\t<div class=\"elementor-widget-wrap elementor-element-populated\">\n\t\t\t\t\t\t<div class=\"elementor-element elementor-element-18ae2de elementor-widget elementor-widget-heading\" data-id=\"18ae2de\" data-element_type=\"widget\" data-widget_type=\"heading.default\">\n\t\t\t\t<div class=\"elementor-widget-container\">\n\t\t\t<h2 class=\"elementor-heading-title elementor-size-default\">Philosophie<\/h2>\t\t<\/div>\n\t\t\t\t<\/div>\n\t\t\t\t<div class=\"elementor-element elementor-element-d12e56e elementor-invisible elementor-widget elementor-widget-text-editor\" data-id=\"d12e56e\" data-element_type=\"widget\" data-settings=\"{&quot;_animation&quot;:&quot;fadeIn&quot;}\" data-widget_type=\"text-editor.default\">\n\t\t\t\t<div class=\"elementor-widget-container\">\n\t\t\t\t\t\t\t<p>Als Winzer der dritten Generation auf dem Ch\u00e2teau de Valeyres respektiert Benjamin Morel, ausgebildet in Weinbau und \u00d6nologie, das Erbe seiner Vorfahren. Nach einigen Jahren unterwegs in der Weinwelt kehrt er 2004 auf das Weingut zur\u00fcck und \u00fcbernimmt den Betrieb. Er trifft radikale Entscheidungen, um die Weinqualit\u00e4t weiterzuentwickeln, hebt das Terroir der C\u00f4tes de l\u2019Orbe bestm\u00f6glich hervor und orientiert sich zunehmend auf den Flaschenverkauf an Privatkundschaft und Restaurants.<br>So entsteht die Linie \u00abConfidentiel\u00bb, in enger Zusammenarbeit mit Fr\u00e9d\u00e9ric Hostettler, Meisterwinzer und vor allem Jugendfreund von Benjamin. Die Idee besteht darin, Weine gemeinsam anzubauen und zu produzieren, verschiedene Kompetenzen zu vereinen, um ihre Komplexit\u00e4t zu erh\u00f6hen und dabei sowohl das Arbeitsmittel als auch die Umwelt zu respektieren.<\/p><p>Parallel dazu arbeiten drei Winzer aus Valeyres-sous-Rances und angrenzenden D\u00f6rfern seit mehreren Jahren eng mit Benjamin zusammen. Sie engagieren sich gemeinsam f\u00fcr die Produktion von Trauben in Spitzenqualit\u00e4t, um damit zu einer guten Positionierung ihrer Domaines und der Weine der C\u00f4tes de l\u2019Orbe beizutragen. <\/p>\t\t\t\t\t\t<\/div>\n\t\t\t\t<\/div>\n\t\t\t\t<div class=\"elementor-element elementor-element-e0de860 elementor-invisible elementor-widget elementor-widget-heading\" data-id=\"e0de860\" data-element_type=\"widget\" data-settings=\"{&quot;_animation&quot;:&quot;fadeIn&quot;}\" data-widget_type=\"heading.default\">\n\t\t\t\t<div class=\"elementor-widget-container\">\n\t\t\t<h2 class=\"elementor-heading-title elementor-size-default\">Authentische Weine von Winzern aus Leidenschaft und ein herzlicher, famili\u00e4rer Empfang sind erlebbares Engagement und Philosophie im Ch\u00e2teau de Valeyres.<\/h2>\t\t<\/div>\n\t\t\t\t<\/div>\n\t\t\t\t\t<\/div>\n\t\t<\/div>\n\t\t\t\t\t<\/div>\n\t\t<\/section>\n\t\t\t\t<section class=\"elementor-section elementor-top-section elementor-element elementor-element-9763a56 elementor-section-full_width elementor-section-height-min-height elementor-section-items-stretch elementor-section-stretched elementor-section-height-default elementor-invisible\" data-id=\"9763a56\" data-element_type=\"section\" data-settings=\"{&quot;stretch_section&quot;:&quot;section-stretched&quot;,&quot;animation&quot;:&quot;fadeInUp&quot;}\">\n\t\t\t\t\t\t<div class=\"elementor-container elementor-column-gap-no\">\n\t\t\t\t\t<div class=\"elementor-column elementor-col-33 elementor-top-column elementor-element elementor-element-5beae7d\" data-id=\"5beae7d\" data-element_type=\"column\" data-settings=\"{&quot;background_background&quot;:&quot;classic&quot;}\">\n\t\t\t<div class=\"elementor-widget-wrap\">\n\t\t\t\t\t\t\t<\/div>\n\t\t<\/div>\n\t\t\t\t<div class=\"elementor-column elementor-col-33 elementor-top-column elementor-element elementor-element-9b8e57f\" data-id=\"9b8e57f\" data-element_type=\"column\" data-settings=\"{&quot;background_background&quot;:&quot;classic&quot;}\">\n\t\t\t<div class=\"elementor-widget-wrap\">\n\t\t\t\t\t\t\t<\/div>\n\t\t<\/div>\n\t\t\t\t<div class=\"elementor-column elementor-col-33 elementor-top-column elementor-element elementor-element-2adc3a4\" data-id=\"2adc3a4\" data-element_type=\"column\" data-settings=\"{&quot;background_background&quot;:&quot;classic&quot;}\">\n\t\t\t<div class=\"elementor-widget-wrap elementor-element-populated\">\n\t\t\t\t\t\t<div class=\"elementor-element elementor-element-4f8a84a elementor-widget elementor-widget-menu-anchor\" data-id=\"4f8a84a\" data-element_type=\"widget\" data-widget_type=\"menu-anchor.default\">\n\t\t\t\t<div class=\"elementor-widget-container\">\n\t\t\t\t\t<div class=\"elementor-menu-anchor\" id=\"avenir\"><\/div>\n\t\t\t\t<\/div>\n\t\t\t\t<\/div>\n\t\t\t\t\t<\/div>\n\t\t<\/div>\n\t\t\t\t\t<\/div>\n\t\t<\/section>\n\t\t\t\t<section class=\"elementor-section elementor-top-section elementor-element elementor-element-e0d5dcb elementor-section-stretched elementor-section-boxed elementor-section-height-default elementor-section-height-default\" data-id=\"e0d5dcb\" data-element_type=\"section\" data-settings=\"{&quot;stretch_section&quot;:&quot;section-stretched&quot;,&quot;background_background&quot;:&quot;classic&quot;}\">\n\t\t\t\t\t\t<div class=\"elementor-container elementor-column-gap-default\">\n\t\t\t\t\t<div class=\"elementor-column elementor-col-100 elementor-top-column elementor-element elementor-element-a2fbb81\" data-id=\"a2fbb81\" data-element_type=\"column\">\n\t\t\t<div class=\"elementor-widget-wrap elementor-element-populated\">\n\t\t\t\t\t\t<div class=\"elementor-element elementor-element-e7e5ad4 elementor-invisible elementor-widget elementor-widget-heading\" data-id=\"e7e5ad4\" data-element_type=\"widget\" data-settings=\"{&quot;_animation&quot;:&quot;fadeIn&quot;}\" data-widget_type=\"heading.default\">\n\t\t\t\t<div class=\"elementor-widget-container\">\n\t\t\t<h2 class=\"elementor-heading-title elementor-size-default\">Zukunftsfokussierter Weinbau<\/h2>\t\t<\/div>\n\t\t\t\t<\/div>\n\t\t\t\t<div class=\"elementor-element elementor-element-be43e5f elementor-invisible elementor-widget elementor-widget-text-editor\" data-id=\"be43e5f\" data-element_type=\"widget\" data-settings=\"{&quot;_animation&quot;:&quot;fadeIn&quot;}\" data-widget_type=\"text-editor.default\">\n\t\t\t\t<div class=\"elementor-widget-container\">\n\t\t\t\t\t\t\t<div id=\"cc-m-9567326769\" class=\"j-module n j-textWithImage \"><div id=\"cc-m-textwithimage-9567326769\" class=\"cc-m-textwithimage-inline-rte\" data-name=\"text\" data-action=\"text\"><p>Der Beruf des Winzers ist in st\u00e4ndigem Umbruch. Seit Jahrhunderten ist der Weinbauer mit Schwierigkeiten konfrontiert, die er immer wieder mit Fatalismus, Entschlossenheit und Fantasie \u00fcberwindet. Heute besteht die Herausforderung in der respektvollen, nachhaltigen Bearbeitung der Rebberge, um den nachfolgenden Generationen fruchtbare B\u00f6den hinterlassen zu k\u00f6nnen.  <\/p><p>Wir Winzer m\u00fcssen verschiedene Krankheiten bek\u00e4mpfen, allen voran den Mehltau und die Braunf\u00e4ule. Unabh\u00e4ngig davon, ob wir verantwortungsvollen, biologischen oder biodynamischen Rebbau betreiben, sind wir gezwungen, die Reben mit Pflanzenschutzmitteln vor Krankheiten zu sch\u00fctzen. Wir, die diese einsetzen, sind als Erste davon betroffen. Im Bewusstsein aller Risiken stellen wir uns im eigenen Betrieb der \u00f6kologischen und wirtschaftlichen Verantwortung.   <\/p><p>Aufgrund dieser Feststellungen und dem Ziel, einen wirtschaftlich effektiven Rebbau zu betreiben, testen wir seit einigen Jahren ein agronomisch hoch interessantes Modell. Wir haben neue Rebsorten, ein Resultat floraler Kreuzungen, angepflanzt; man spricht hier von \u00abinterspezifischen\u00bb Sorten. Dies im Gegensatz zu den bekannten unver\u00e4nderten Sorten, wie Pinot noir oder Chasselas, die den \u00abintraspezifischen\u00bb Sorten zugerechnet werden.  <\/p><p>Die neuen Sorten, der Sauvignac, Divico oder Muscaris haben aussergew\u00f6hnliche agronomische Vorteile: Dank dem Erbgut ihrer Eltern sind sie gegen\u00fcber den haupts\u00e4chlichen Krankheiten fast vollumf\u00e4nglich resistent. <\/p><p>Die Weine der neuen Produktlinie \u00ab<b>Germination<\/b>\u00bb wurden inzwischen in Flaschen abgef\u00fcllt und k\u00f6nnen nun bezogen werden. Die Frage, ob diese wesentlich rustikaleren und aromatischeren Weine die Zukunft pr\u00e4gen werden, oder eine Kuriosit\u00e4t bleiben, l\u00e4sst sich erst in ein paar Jahren beantworten. <\/p><\/div><\/div>\t\t\t\t\t\t<\/div>\n\t\t\t\t<\/div>\n\t\t\t\t<div class=\"elementor-element elementor-element-5b68bbe elementor-widget elementor-widget-menu-anchor\" data-id=\"5b68bbe\" data-element_type=\"widget\" data-widget_type=\"menu-anchor.default\">\n\t\t\t\t<div class=\"elementor-widget-container\">\n\t\t\t\t\t<div class=\"elementor-menu-anchor\" id=\"Histoire\"><\/div>\n\t\t\t\t<\/div>\n\t\t\t\t<\/div>\n\t\t\t\t\t<\/div>\n\t\t<\/div>\n\t\t\t\t\t<\/div>\n\t\t<\/section>\n\t\t\t\t<section class=\"elementor-section elementor-top-section elementor-element elementor-element-0b7af74 elementor-section-stretched elementor-section-boxed elementor-section-height-default elementor-section-height-default\" data-id=\"0b7af74\" data-element_type=\"section\" data-settings=\"{&quot;stretch_section&quot;:&quot;section-stretched&quot;,&quot;background_background&quot;:&quot;classic&quot;}\">\n\t\t\t\t\t\t<div class=\"elementor-container elementor-column-gap-default\">\n\t\t\t\t\t<div class=\"elementor-column elementor-col-100 elementor-top-column elementor-element elementor-element-eb4072e\" data-id=\"eb4072e\" data-element_type=\"column\">\n\t\t\t<div class=\"elementor-widget-wrap elementor-element-populated\">\n\t\t\t\t\t\t<section class=\"elementor-section elementor-inner-section elementor-element elementor-element-e1eb394 elementor-section-boxed elementor-section-height-default elementor-section-height-default\" data-id=\"e1eb394\" data-element_type=\"section\">\n\t\t\t\t\t\t<div class=\"elementor-container elementor-column-gap-default\">\n\t\t\t\t\t<div class=\"elementor-column elementor-col-50 elementor-inner-column elementor-element elementor-element-18a4e9d elementor-invisible\" data-id=\"18a4e9d\" data-element_type=\"column\" data-settings=\"{&quot;background_background&quot;:&quot;classic&quot;,&quot;animation&quot;:&quot;fadeIn&quot;}\">\n\t\t\t<div class=\"elementor-widget-wrap elementor-element-populated\">\n\t\t\t\t\t\t<div class=\"elementor-element elementor-element-83d7b0f animated-slow e-transform elementor-invisible elementor-widget elementor-widget-image\" data-id=\"83d7b0f\" data-element_type=\"widget\" data-settings=\"{&quot;motion_fx_motion_fx_scrolling&quot;:&quot;yes&quot;,&quot;motion_fx_translateY_effect&quot;:&quot;yes&quot;,&quot;motion_fx_translateY_speed&quot;:{&quot;unit&quot;:&quot;px&quot;,&quot;size&quot;:1.2,&quot;sizes&quot;:[]},&quot;_animation&quot;:&quot;fadeInUp&quot;,&quot;_transform_scale_effect_hover&quot;:{&quot;unit&quot;:&quot;px&quot;,&quot;size&quot;:1.01,&quot;sizes&quot;:[]},&quot;motion_fx_translateY_affectedRange&quot;:{&quot;unit&quot;:&quot;%&quot;,&quot;size&quot;:&quot;&quot;,&quot;sizes&quot;:{&quot;start&quot;:0,&quot;end&quot;:100}},&quot;motion_fx_devices&quot;:[&quot;desktop&quot;,&quot;tablet&quot;,&quot;mobile&quot;],&quot;_transform_scale_effect_hover_tablet&quot;:{&quot;unit&quot;:&quot;px&quot;,&quot;size&quot;:&quot;&quot;,&quot;sizes&quot;:[]},&quot;_transform_scale_effect_hover_mobile&quot;:{&quot;unit&quot;:&quot;px&quot;,&quot;size&quot;:&quot;&quot;,&quot;sizes&quot;:[]}}\" data-widget_type=\"image.default\">\n\t\t\t\t<div class=\"elementor-widget-container\">\n\t\t\t\t\t\t\t\t\t\t<figure class=\"wp-caption\">\n\t\t\t\t\t\t\t\t\t\t\t<a href=\"https:\/\/shop.chateauvaleyres.ch\/fr\/accueil\/30-104-germination-blanc-2022.html#\/26-contenance-50_cl\">\n\t\t\t\t\t\t\t<img decoding=\"async\" width=\"291\" height=\"933\" src=\"https:\/\/www.chateauvaleyres.ch\/wp-content\/uploads\/2022\/11\/germination-blanc-2022-e1669053690304.png\" class=\"attachment-1536x1536 size-1536x1536 wp-image-392\" alt=\"\" srcset=\"https:\/\/www.chateauvaleyres.ch\/wp-content\/uploads\/2022\/11\/germination-blanc-2022-e1669053690304.png 291w, https:\/\/www.chateauvaleyres.ch\/wp-content\/uploads\/2022\/11\/germination-blanc-2022-e1669053690304-94x300.png 94w\" sizes=\"(max-width: 291px) 100vw, 291px\" \/>\t\t\t\t\t\t\t\t<\/a>\n\t\t\t\t\t\t\t\t\t\t\t<figcaption class=\"widget-image-caption wp-caption-text\"><\/figcaption>\n\t\t\t\t\t\t\t\t\t\t<\/figure>\n\t\t\t\t\t\t\t<\/div>\n\t\t\t\t<\/div>\n\t\t\t\t<div class=\"elementor-element elementor-element-c48d54b elementor-widget elementor-widget-heading\" data-id=\"c48d54b\" data-element_type=\"widget\" data-widget_type=\"heading.default\">\n\t\t\t\t<div class=\"elementor-widget-container\">\n\t\t\t<h2 class=\"elementor-heading-title elementor-size-default\">Germination Blanc<\/h2>\t\t<\/div>\n\t\t\t\t<\/div>\n\t\t\t\t\t<\/div>\n\t\t<\/div>\n\t\t\t\t<div class=\"elementor-column elementor-col-50 elementor-inner-column elementor-element elementor-element-52aa842 elementor-invisible\" data-id=\"52aa842\" data-element_type=\"column\" data-settings=\"{&quot;background_background&quot;:&quot;classic&quot;,&quot;animation&quot;:&quot;fadeIn&quot;}\">\n\t\t\t<div class=\"elementor-widget-wrap elementor-element-populated\">\n\t\t\t\t\t\t<div class=\"elementor-element elementor-element-8a3eac3 animated-slow e-transform elementor-invisible elementor-widget elementor-widget-image\" data-id=\"8a3eac3\" data-element_type=\"widget\" data-settings=\"{&quot;motion_fx_motion_fx_scrolling&quot;:&quot;yes&quot;,&quot;motion_fx_translateY_effect&quot;:&quot;yes&quot;,&quot;motion_fx_translateY_speed&quot;:{&quot;unit&quot;:&quot;px&quot;,&quot;size&quot;:1.2,&quot;sizes&quot;:[]},&quot;_animation&quot;:&quot;fadeInUp&quot;,&quot;_transform_scale_effect_hover&quot;:{&quot;unit&quot;:&quot;px&quot;,&quot;size&quot;:1.01,&quot;sizes&quot;:[]},&quot;motion_fx_translateY_affectedRange&quot;:{&quot;unit&quot;:&quot;%&quot;,&quot;size&quot;:&quot;&quot;,&quot;sizes&quot;:{&quot;start&quot;:0,&quot;end&quot;:100}},&quot;motion_fx_devices&quot;:[&quot;desktop&quot;,&quot;tablet&quot;,&quot;mobile&quot;],&quot;_transform_scale_effect_hover_tablet&quot;:{&quot;unit&quot;:&quot;px&quot;,&quot;size&quot;:&quot;&quot;,&quot;sizes&quot;:[]},&quot;_transform_scale_effect_hover_mobile&quot;:{&quot;unit&quot;:&quot;px&quot;,&quot;size&quot;:&quot;&quot;,&quot;sizes&quot;:[]}}\" data-widget_type=\"image.default\">\n\t\t\t\t<div class=\"elementor-widget-container\">\n\t\t\t\t\t\t\t\t\t\t<figure class=\"wp-caption\">\n\t\t\t\t\t\t\t\t\t\t\t<a href=\"https:\/\/shop.chateauvaleyres.ch\/fr\/catalogue\/42-germination-rouge-2021.html\">\n\t\t\t\t\t\t\t<img loading=\"lazy\" decoding=\"async\" width=\"330\" height=\"1024\" src=\"https:\/\/www.chateauvaleyres.ch\/wp-content\/uploads\/2022\/11\/germination-rouge-2021-e1669053778848-330x1024.png\" class=\"attachment-large size-large wp-image-382\" alt=\"\" srcset=\"https:\/\/www.chateauvaleyres.ch\/wp-content\/uploads\/2022\/11\/germination-rouge-2021-e1669053778848-330x1024.png 330w, https:\/\/www.chateauvaleyres.ch\/wp-content\/uploads\/2022\/11\/germination-rouge-2021-e1669053778848-97x300.png 97w, https:\/\/www.chateauvaleyres.ch\/wp-content\/uploads\/2022\/11\/germination-rouge-2021-e1669053778848.png 387w\" sizes=\"(max-width: 330px) 100vw, 330px\" \/>\t\t\t\t\t\t\t\t<\/a>\n\t\t\t\t\t\t\t\t\t\t\t<figcaption class=\"widget-image-caption wp-caption-text\"><\/figcaption>\n\t\t\t\t\t\t\t\t\t\t<\/figure>\n\t\t\t\t\t\t\t<\/div>\n\t\t\t\t<\/div>\n\t\t\t\t<div class=\"elementor-element elementor-element-6255fb7 elementor-widget elementor-widget-heading\" data-id=\"6255fb7\" data-element_type=\"widget\" data-widget_type=\"heading.default\">\n\t\t\t\t<div class=\"elementor-widget-container\">\n\t\t\t<h2 class=\"elementor-heading-title elementor-size-default\">Germination Rouge<\/h2>\t\t<\/div>\n\t\t\t\t<\/div>\n\t\t\t\t\t<\/div>\n\t\t<\/div>\n\t\t\t\t\t<\/div>\n\t\t<\/section>\n\t\t\t\t\t<\/div>\n\t\t<\/div>\n\t\t\t\t\t<\/div>\n\t\t<\/section>\n\t\t\t\t<section class=\"elementor-section elementor-top-section elementor-element elementor-element-8aa94b0 elementor-section-boxed elementor-section-height-default elementor-section-height-default\" data-id=\"8aa94b0\" data-element_type=\"section\" data-settings=\"{&quot;background_background&quot;:&quot;classic&quot;}\">\n\t\t\t\t\t\t\t<div class=\"elementor-background-overlay\"><\/div>\n\t\t\t\t\t\t\t<div class=\"elementor-container elementor-column-gap-default\">\n\t\t\t\t\t<div class=\"elementor-column elementor-col-100 elementor-top-column elementor-element elementor-element-ce8d2ff\" data-id=\"ce8d2ff\" data-element_type=\"column\">\n\t\t\t<div class=\"elementor-widget-wrap elementor-element-populated\">\n\t\t\t\t\t\t<div class=\"elementor-element elementor-element-8ec4e99 elementor-widget elementor-widget-heading\" data-id=\"8ec4e99\" data-element_type=\"widget\" data-widget_type=\"heading.default\">\n\t\t\t\t<div class=\"elementor-widget-container\">\n\t\t\t<h2 class=\"elementor-heading-title elementor-size-default\">Das Schloss Valeyres im Lauf der Geschichte<\/h2>\t\t<\/div>\n\t\t\t\t<\/div>\n\t\t\t\t\t<\/div>\n\t\t<\/div>\n\t\t\t\t\t<\/div>\n\t\t<\/section>\n\t\t\t\t<section class=\"elementor-section elementor-top-section elementor-element elementor-element-f254436 elementor-section-boxed elementor-section-height-default elementor-section-height-default\" data-id=\"f254436\" data-element_type=\"section\">\n\t\t\t\t\t\t<div class=\"elementor-container elementor-column-gap-default\">\n\t\t\t\t\t<div class=\"elementor-column elementor-col-100 elementor-top-column elementor-element elementor-element-9ec63c6\" data-id=\"9ec63c6\" data-element_type=\"column\">\n\t\t\t<div class=\"elementor-widget-wrap elementor-element-populated\">\n\t\t\t\t\t\t<div class=\"elementor-element elementor-element-e438954 elementor-widget elementor-widget-text-editor\" data-id=\"e438954\" data-element_type=\"widget\" data-widget_type=\"text-editor.default\">\n\t\t\t\t<div class=\"elementor-widget-container\">\n\t\t\t\t\t\t\t<p>Um 1820 wird die S\u00fcdfassade des Schlosses neu aufgerichtet. Massgebend f\u00fcr ihre Gestaltung ist die neoklassizistische Mode. Die Bontettens wohnen in Genf, und dort ist sie en vogue. Nun gibt eine grosse Loggia mit S\u00e4ulenreihe dem alten Bernerhaus ein italienisches Aussehen. Gleichzeitig wird das Innere umgestaltet: Es entstehen eine Bibliothek und ein ovaler Salon von beeindruckender Eleganz. Trotz dieser Ver\u00e4nderungen aber steht das Gut meisternteils leer. Die Familie benutzt es nur zur Sommerfrische. Nach der Weinlese werden die L\u00e4den jeweils wieder geschlossen.      <\/p><p>Die zweite grosse Pers\u00f6nlichkeit der Familie ist Gustav Karl von Bonstetten, Karl Davids Sohn (1816-1829). Als Arch\u00e4ologe leitet er in der Westschweiz zahlreiche Ausgrabungen. In Orbe entdeckt er das ber\u00fchmte r\u00f6mische Mosaik. Ironischerweise bleiben ihm aber die grossen Fresken an den W\u00e4nden seines Schlosses verborgen.   <\/p><p>2004 \u00fcbergibt Marc-Antoine Morel das Anwesen seinen S\u00f6hnen Abram, Romain und Benjamin. Sie unterziehen das Schloss daraufhin einer grossen Renovation.<\/p>\t\t\t\t\t\t<\/div>\n\t\t\t\t<\/div>\n\t\t\t\t\t<\/div>\n\t\t<\/div>\n\t\t\t\t\t<\/div>\n\t\t<\/section>\n\t\t\t\t<section class=\"elementor-section elementor-top-section elementor-element elementor-element-9efc461 elementor-section-full_width elementor-section-height-min-height elementor-section-items-stretch elementor-section-stretched elementor-section-height-default\" data-id=\"9efc461\" data-element_type=\"section\" data-settings=\"{&quot;stretch_section&quot;:&quot;section-stretched&quot;}\">\n\t\t\t\t\t\t<div class=\"elementor-container elementor-column-gap-no\">\n\t\t\t\t\t<div class=\"elementor-column elementor-col-33 elementor-top-column elementor-element elementor-element-56744ff\" data-id=\"56744ff\" data-element_type=\"column\" data-settings=\"{&quot;background_background&quot;:&quot;classic&quot;}\">\n\t\t\t<div class=\"elementor-widget-wrap\">\n\t\t\t\t\t\t\t<\/div>\n\t\t<\/div>\n\t\t\t\t<div class=\"elementor-column elementor-col-33 elementor-top-column elementor-element elementor-element-b06c36f\" data-id=\"b06c36f\" data-element_type=\"column\" data-settings=\"{&quot;background_background&quot;:&quot;classic&quot;}\">\n\t\t\t<div class=\"elementor-widget-wrap\">\n\t\t\t\t\t\t\t<\/div>\n\t\t<\/div>\n\t\t\t\t<div class=\"elementor-column elementor-col-33 elementor-top-column elementor-element elementor-element-82e598c\" data-id=\"82e598c\" data-element_type=\"column\" data-settings=\"{&quot;background_background&quot;:&quot;classic&quot;}\">\n\t\t\t<div class=\"elementor-widget-wrap\">\n\t\t\t\t\t\t\t<\/div>\n\t\t<\/div>\n\t\t\t\t\t<\/div>\n\t\t<\/section>\n\t\t\t\t<section class=\"elementor-section elementor-top-section elementor-element elementor-element-aa30d5d elementor-section-boxed elementor-section-height-default elementor-section-height-default\" data-id=\"aa30d5d\" data-element_type=\"section\">\n\t\t\t\t\t\t<div class=\"elementor-container elementor-column-gap-default\">\n\t\t\t\t\t<div class=\"elementor-column elementor-col-100 elementor-top-column elementor-element elementor-element-e369f18\" data-id=\"e369f18\" data-element_type=\"column\">\n\t\t\t<div class=\"elementor-widget-wrap elementor-element-populated\">\n\t\t\t\t\t\t<div class=\"elementor-element elementor-element-5cb5842 elementor-widget elementor-widget-text-editor\" data-id=\"5cb5842\" data-element_type=\"widget\" data-widget_type=\"text-editor.default\">\n\t\t\t\t<div class=\"elementor-widget-container\">\n\t\t\t\t\t\t\t1945 von Alphonse Morel erworben und sp\u00e4ter von seinem Sohn Marc-Antoine weitergef\u00fchrt. Heute vertreten Abram, Romain und Benjamin Morel die dritte Generation auf diesem pr\u00e4chtigen Anwesen\u2026 \n\nIm fr\u00fchen 17. Jahrhundert liessen sich mehrere bernische Notabeln im Waadtland nieder. Nach dem Sieg \u00fcber Savoyen kauften diese Berner den besiegten Herren Land oder Immobilien ab. 1630 liess die Familie Manuel \u2013 trotz ihres lateinischen Namens Teil der patrizischen B\u00fcrgerschaft der B\u00e4renstadt \u2013 ein grosses Herrenhaus in Valeyres-sous-Rances errichten. Nach dem Sieg \u00fcber Savoyen kauften die Berner den besiegten Herren Land oder Immobilien ab. 1630 liess die Familie Manuel \u2013 trotz ihres lateinischen Namens Teil der patrizischen B\u00fcrgerschaft der B\u00e4renstadt \u2013 ein grosses Herrenhaus in Valeyres-sous-Rances errichten. Im typisch bernischen Stil erbaut, tr\u00e4gt das Geb\u00e4ude \u00fcber der Eingangst\u00fcr die Initialen eines Steinmetzmeisters zusammen mit dem Baujahr. Rund hundert Jahre nach seiner Errichtung wechselte das Schloss den Besitzer.     Diese Adligen geh\u00f6rten zu den einflussreichsten Berner Pers\u00f6nlichkeiten ihrer Zeit. Zwei Mitglieder der Familie spielten eine wichtige Rolle f\u00fcr den Kanton Waadt.\t\t\t\t\t\t<\/div>\n\t\t\t\t<\/div>\n\t\t\t\t<div class=\"elementor-element elementor-element-7a29674 elementor-widget elementor-widget-text-editor\" data-id=\"7a29674\" data-element_type=\"widget\" data-widget_type=\"text-editor.default\">\n\t\t\t\t<div class=\"elementor-widget-container\">\n\t\t\t\t\t\t\t<p>Karl Viktor von Bonstetten (1745-1832) leitet von 1787 bis 1793 die Landvogtei Nyon. Vom Gedankengut der Aufkl\u00e4rung beeinflusst, erwirbt er sich gleichzeitig die Liebe seiner Untertanen und die Vorw\u00fcrfe seiner Regierung. Als Schriftsteller und Philosoph verfasst er unter anderem eine Schrift \u00fcber die F\u00e4higkeit zu f\u00fchlen (Recherchessurlesfacult\u00e9s de sentir) und eine Untersuchung \u00fcber den Zusammenhang von Klima und Kultur: \u00abL&#8217;Homme du Midi et l&#8217;Homme du Nord oul&#8217;influence des climats\u00bb. Die Waadtl\u00e4nder verehren Karl Viktor von Bonstetten als wahren Patriarchen. Karl Hilty, der freisinnige Geschichtsschreiber der helvetischen Republik, nennt ihn den besten Vogt des alten Bern, weil er oft den Mut hatte, sich der Regierung zu widersetzen. Nach der Unabh\u00e4ngigkeit der Waadt emigriert Bonstetten nach D\u00e4nemark, ohne aber seine G\u00fcter aufzugeben. Das Schloss Valeyres wird weiterhin von der Frau und den beiden S\u00f6hnen bewohnt. Karl David, der \u00fcberlebende, nimmt am Anwesen grosse Ver\u00e4nderungen vor. Anstelle von Reben umgibt ein romantischer Garten das Haus.Die Inspiration kommt aus Rousseaus empfindsamem Roman \u00abLa Nouvelle H\u00e9lo\u00efse\u00bb.Kleine B\u00e4chlein verbinden verschiedene Teiche, daneben gibt es Taxushecken, einen Orangenhain und eine Laubh\u00fctte. Von all dem ist heute nur noch eine Linde \u00fcbriggeblieben, unter der Karl Viktors Frau begraben ist.<\/p>\t\t\t\t\t\t<\/div>\n\t\t\t\t<\/div>\n\t\t\t\t<div class=\"elementor-element elementor-element-5152537 elementor-widget elementor-widget-menu-anchor\" data-id=\"5152537\" data-element_type=\"widget\" data-widget_type=\"menu-anchor.default\">\n\t\t\t\t<div class=\"elementor-widget-container\">\n\t\t\t\t\t<div class=\"elementor-menu-anchor\" id=\"Visite\"><\/div>\n\t\t\t\t<\/div>\n\t\t\t\t<\/div>\n\t\t\t\t\t<\/div>\n\t\t<\/div>\n\t\t\t\t\t<\/div>\n\t\t<\/section>\n\t\t\t\t<section class=\"elementor-section elementor-top-section elementor-element elementor-element-2ac332b elementor-section-stretched elementor-section-boxed elementor-section-height-default elementor-section-height-default\" data-id=\"2ac332b\" data-element_type=\"section\" data-settings=\"{&quot;stretch_section&quot;:&quot;section-stretched&quot;,&quot;background_background&quot;:&quot;classic&quot;}\">\n\t\t\t\t\t\t<div class=\"elementor-container elementor-column-gap-default\">\n\t\t\t\t\t<div class=\"elementor-column elementor-col-100 elementor-top-column elementor-element elementor-element-1f9868a\" data-id=\"1f9868a\" data-element_type=\"column\">\n\t\t\t<div class=\"elementor-widget-wrap elementor-element-populated\">\n\t\t\t\t\t\t<div class=\"elementor-element elementor-element-80cd8b6 elementor-invisible elementor-widget elementor-widget-heading\" data-id=\"80cd8b6\" data-element_type=\"widget\" data-settings=\"{&quot;_animation&quot;:&quot;fadeIn&quot;}\" data-widget_type=\"heading.default\">\n\t\t\t\t<div class=\"elementor-widget-container\">\n\t\t\t<h2 class=\"elementor-heading-title elementor-size-default\">Uns einen kleinen Besuch abstatten<\/h2>\t\t<\/div>\n\t\t\t\t<\/div>\n\t\t\t\t<div class=\"elementor-element elementor-element-b46e545 elementor-invisible elementor-widget elementor-widget-text-editor\" data-id=\"b46e545\" data-element_type=\"widget\" data-settings=\"{&quot;_animation&quot;:&quot;fadeIn&quot;}\" data-widget_type=\"text-editor.default\">\n\t\t\t\t<div class=\"elementor-widget-container\">\n\t\t\t\t\t\t\t<div id=\"cc-m-9567326769\" class=\"j-module n j-textWithImage \"><div id=\"cc-m-textwithimage-9567326769\" class=\"cc-m-textwithimage-inline-rte\" data-name=\"text\" data-action=\"text\"><p>&#8222;Le Carnotzet&#8220; ist ein gem\u00fctlicher Ort, der bereit ist, Sie zu einer Weinprobe oder einem Aperitif in guter Gesellschaft zu empfangen. Ge\u00f6ffnet am Samstagvormittag und nach Vereinbarung unter der Woche. Eine Auswahl an Weinen f\u00fcr einen Geburtstag, eine Veranstaltung oder einfach nur, um Ihren Weinkeller zu vervollst\u00e4ndigen, z\u00f6gern Sie nicht, uns einen kleinen Besuch abzustatten.  <\/p><\/div><\/div>\t\t\t\t\t\t<\/div>\n\t\t\t\t<\/div>\n\t\t\t\t<section class=\"elementor-section elementor-inner-section elementor-element elementor-element-d2d3ae6 elementor-section-boxed elementor-section-height-default elementor-section-height-default\" data-id=\"d2d3ae6\" data-element_type=\"section\">\n\t\t\t\t\t\t<div class=\"elementor-container elementor-column-gap-default\">\n\t\t\t\t\t<div class=\"elementor-column elementor-col-50 elementor-inner-column elementor-element elementor-element-7bd6751\" data-id=\"7bd6751\" data-element_type=\"column\" data-settings=\"{&quot;background_background&quot;:&quot;classic&quot;}\">\n\t\t\t<div class=\"elementor-widget-wrap elementor-element-populated\">\n\t\t\t\t\t\t<div class=\"elementor-element elementor-element-be50145 elementor-widget elementor-widget-heading\" data-id=\"be50145\" data-element_type=\"widget\" data-widget_type=\"heading.default\">\n\t\t\t\t<div class=\"elementor-widget-container\">\n\t\t\t<h2 class=\"elementor-heading-title elementor-size-default\">Horaire<\/h2>\t\t<\/div>\n\t\t\t\t<\/div>\n\t\t\t\t<div class=\"elementor-element elementor-element-d8bd0f7 elementor-invisible elementor-widget elementor-widget-text-editor\" data-id=\"d8bd0f7\" data-element_type=\"widget\" data-settings=\"{&quot;_animation&quot;:&quot;fadeIn&quot;}\" data-widget_type=\"text-editor.default\">\n\t\t\t\t<div class=\"elementor-widget-container\">\n\t\t\t\t\t\t\t<div id=\"cc-m-9617563169\" class=\"j-module n j-header \"><p id=\"cc-m-header-9617563169\"><strong>Nach Vereinbarung unter der Woche<\/strong><\/p><\/div><div id=\"cc-m-9617563069\" class=\"j-module n j-text \"><p>Tel. +41 079 658 26 14.<\/p><p><strong>Am Samstag<br><\/strong><\/p><p>8.00 Uhr bis 12.30 Uhr<\/p><p><strong>Sonntag<\/strong> <strong>geschlossen<\/strong><\/p><\/div>\t\t\t\t\t\t<\/div>\n\t\t\t\t<\/div>\n\t\t\t\t\t<\/div>\n\t\t<\/div>\n\t\t\t\t<div class=\"elementor-column elementor-col-50 elementor-inner-column elementor-element elementor-element-9fac8ea\" data-id=\"9fac8ea\" data-element_type=\"column\">\n\t\t\t<div class=\"elementor-widget-wrap elementor-element-populated\">\n\t\t\t\t\t\t<div class=\"elementor-element elementor-element-65a18f7 elementor-widget elementor-widget-heading\" data-id=\"65a18f7\" data-element_type=\"widget\" data-widget_type=\"heading.default\">\n\t\t\t\t<div class=\"elementor-widget-container\">\n\t\t\t<h2 class=\"elementor-heading-title elementor-size-default\">Les prochains rendez-vous<\/h2>\t\t<\/div>\n\t\t\t\t<\/div>\n\t\t\t\t<div class=\"elementor-element elementor-element-8eaf9bd elementor-invisible elementor-widget elementor-widget-text-editor\" data-id=\"8eaf9bd\" data-element_type=\"widget\" data-settings=\"{&quot;_animation&quot;:&quot;fadeIn&quot;}\" data-widget_type=\"text-editor.default\">\n\t\t\t\t<div class=\"elementor-widget-container\">\n\t\t\t\t\t\t\t<div id=\"cc-m-9617563169\" class=\"j-module n j-header \"><p><strong>Der Weinkeller ist jeden Samstagmorgen von 8.00 bis 12.30 Uhr zum Verkauf und zur Verkostung ge\u00f6ffnet.<\/strong><\/p><p><em>Es wird dringend empfohlen, Ihren Besuch unter <a href=\"mailto:info@chateauvaleyres.ch\">info@chateauvaleyres.ch<\/a> oder unter <a href=\"tel:079%20658%2026%2014\">079 658 26 14<\/a>.<\/em><\/p><p>Sie k\u00f6nnen auch unter der Woche vorbeikommen und Ihre Bestellung abholen, wenn Sie sich vorher anmelden.<\/p><\/div>\t\t\t\t\t\t<\/div>\n\t\t\t\t<\/div>\n\t\t\t\t\t<\/div>\n\t\t<\/div>\n\t\t\t\t\t<\/div>\n\t\t<\/section>\n\t\t\t\t\t<\/div>\n\t\t<\/div>\n\t\t\t\t\t<\/div>\n\t\t<\/section>\n\t\t\t\t<\/div>\n\t\t","protected":false},"excerpt":{"rendered":"<p>Benjamin Morel Mit Benjamin, Enkel von Alphonse und Sohn von Marc-Antoine Morel, ist bereits die dritte Generation im Ch\u00e2teau de Valeyres am Werk. Nach dem Erwerb des Ingenieurs-Diploms an der Fachhochschule von Changin und des eidgen\u00f6ssischen Fachausweises, sammelte er Erfahrungen in der Schweiz und im Ausland. 2004 \u00fcbernahm er die Leitung des familiengef\u00fchrten Weingutes. Er [&hellip;]<\/p>\n","protected":false},"author":2,"featured_media":0,"parent":0,"menu_order":0,"comment_status":"closed","ping_status":"closed","template":"","meta":{"footnotes":""},"class_list":["post-415","page","type-page","status-publish","hentry"],"_links":{"self":[{"href":"https:\/\/www.chateauvaleyres.ch\/de\/wp-json\/wp\/v2\/pages\/415","targetHints":{"allow":["GET"]}}],"collection":[{"href":"https:\/\/www.chateauvaleyres.ch\/de\/wp-json\/wp\/v2\/pages"}],"about":[{"href":"https:\/\/www.chateauvaleyres.ch\/de\/wp-json\/wp\/v2\/types\/page"}],"author":[{"embeddable":true,"href":"https:\/\/www.chateauvaleyres.ch\/de\/wp-json\/wp\/v2\/users\/2"}],"replies":[{"embeddable":true,"href":"https:\/\/www.chateauvaleyres.ch\/de\/wp-json\/wp\/v2\/comments?post=415"}],"version-history":[{"count":29,"href":"https:\/\/www.chateauvaleyres.ch\/de\/wp-json\/wp\/v2\/pages\/415\/revisions"}],"predecessor-version":[{"id":1392,"href":"https:\/\/www.chateauvaleyres.ch\/de\/wp-json\/wp\/v2\/pages\/415\/revisions\/1392"}],"wp:attachment":[{"href":"https:\/\/www.chateauvaleyres.ch\/de\/wp-json\/wp\/v2\/media?parent=415"}],"curies":[{"name":"wp","href":"https:\/\/api.w.org\/{rel}","templated":true}]}}