{"id":414,"date":"2022-11-21T14:03:18","date_gmt":"2022-11-21T13:03:18","guid":{"rendered":"https:\/\/chateauvaleyres.ch\/presentation\/"},"modified":"2025-11-20T15:34:19","modified_gmt":"2025-11-20T14:34:19","slug":"presentation","status":"publish","type":"page","link":"https:\/\/www.chateauvaleyres.ch\/en\/presentation\/","title":{"rendered":"Presentation"},"content":{"rendered":"\t\t<div data-elementor-type=\"wp-page\" data-elementor-id=\"414\" class=\"elementor elementor-414 elementor-93\" data-elementor-post-type=\"page\">\n\t\t\t\t\t\t<section class=\"elementor-section elementor-top-section elementor-element elementor-element-fff0a87 elementor-section-full_width elementor-section-stretched elementor-hidden-desktop elementor-section-height-default elementor-section-height-default\" data-id=\"fff0a87\" data-element_type=\"section\" data-settings=\"{&quot;stretch_section&quot;:&quot;section-stretched&quot;}\">\n\t\t\t\t\t\t<div class=\"elementor-container elementor-column-gap-no\">\n\t\t\t\t\t<div class=\"elementor-column elementor-col-100 elementor-top-column elementor-element elementor-element-61803f2\" data-id=\"61803f2\" data-element_type=\"column\">\n\t\t\t<div class=\"elementor-widget-wrap elementor-element-populated\">\n\t\t\t\t\t\t<div class=\"elementor-element elementor-element-74668a6 elementor-hidden-desktop elementor-widget elementor-widget-image\" data-id=\"74668a6\" data-element_type=\"widget\" data-widget_type=\"image.default\">\n\t\t\t\t<div class=\"elementor-widget-container\">\n\t\t\t\t\t\t\t\t\t\t\t\t\t<img fetchpriority=\"high\" decoding=\"async\" width=\"1024\" height=\"683\" src=\"https:\/\/www.chateauvaleyres.ch\/wp-content\/uploads\/2025\/11\/Chateau_de_Valeyres_39-1024x683.jpg\" class=\"attachment-large size-large wp-image-1295\" alt=\"\" srcset=\"https:\/\/www.chateauvaleyres.ch\/wp-content\/uploads\/2025\/11\/Chateau_de_Valeyres_39-1024x683.jpg 1024w, https:\/\/www.chateauvaleyres.ch\/wp-content\/uploads\/2025\/11\/Chateau_de_Valeyres_39-300x200.jpg 300w, https:\/\/www.chateauvaleyres.ch\/wp-content\/uploads\/2025\/11\/Chateau_de_Valeyres_39-768x512.jpg 768w, https:\/\/www.chateauvaleyres.ch\/wp-content\/uploads\/2025\/11\/Chateau_de_Valeyres_39-1536x1024.jpg 1536w, https:\/\/www.chateauvaleyres.ch\/wp-content\/uploads\/2025\/11\/Chateau_de_Valeyres_39.jpg 1920w\" sizes=\"(max-width: 1024px) 100vw, 1024px\" \/>\t\t\t\t\t\t\t\t\t\t\t\t\t<\/div>\n\t\t\t\t<\/div>\n\t\t\t\t\t<\/div>\n\t\t<\/div>\n\t\t\t\t\t<\/div>\n\t\t<\/section>\n\t\t\t\t<section class=\"elementor-section elementor-top-section elementor-element elementor-element-6781e3a elementor-section-full_width elementor-section-stretched elementor-hidden-tablet elementor-hidden-mobile elementor-section-height-default elementor-section-height-default\" data-id=\"6781e3a\" data-element_type=\"section\" data-settings=\"{&quot;stretch_section&quot;:&quot;section-stretched&quot;}\">\n\t\t\t\t\t\t<div class=\"elementor-container elementor-column-gap-default\">\n\t\t\t\t\t<div class=\"elementor-column elementor-col-100 elementor-top-column elementor-element elementor-element-d237936\" data-id=\"d237936\" data-element_type=\"column\">\n\t\t\t<div class=\"elementor-widget-wrap elementor-element-populated\">\n\t\t\t\t\t\t<div class=\"elementor-element elementor-element-21bbe3b elementor-widget elementor-widget-image\" data-id=\"21bbe3b\" data-element_type=\"widget\" data-widget_type=\"image.default\">\n\t\t\t\t<div class=\"elementor-widget-container\">\n\t\t\t\t\t\t\t\t\t\t\t\t\t<img decoding=\"async\" width=\"1920\" height=\"1280\" src=\"https:\/\/www.chateauvaleyres.ch\/wp-content\/uploads\/2025\/11\/Chateau_de_Valeyres_39.jpg\" class=\"attachment-full size-full wp-image-1295\" alt=\"\" srcset=\"https:\/\/www.chateauvaleyres.ch\/wp-content\/uploads\/2025\/11\/Chateau_de_Valeyres_39.jpg 1920w, https:\/\/www.chateauvaleyres.ch\/wp-content\/uploads\/2025\/11\/Chateau_de_Valeyres_39-300x200.jpg 300w, https:\/\/www.chateauvaleyres.ch\/wp-content\/uploads\/2025\/11\/Chateau_de_Valeyres_39-1024x683.jpg 1024w, https:\/\/www.chateauvaleyres.ch\/wp-content\/uploads\/2025\/11\/Chateau_de_Valeyres_39-768x512.jpg 768w, https:\/\/www.chateauvaleyres.ch\/wp-content\/uploads\/2025\/11\/Chateau_de_Valeyres_39-1536x1024.jpg 1536w\" sizes=\"(max-width: 1920px) 100vw, 1920px\" \/>\t\t\t\t\t\t\t\t\t\t\t\t\t<\/div>\n\t\t\t\t<\/div>\n\t\t\t\t\t<\/div>\n\t\t<\/div>\n\t\t\t\t\t<\/div>\n\t\t<\/section>\n\t\t\t\t<section class=\"elementor-section elementor-top-section elementor-element elementor-element-e8a9112 elementor-section-boxed elementor-section-height-default elementor-section-height-default\" data-id=\"e8a9112\" data-element_type=\"section\">\n\t\t\t\t\t\t<div class=\"elementor-container elementor-column-gap-default\">\n\t\t\t\t\t<div class=\"elementor-column elementor-col-50 elementor-top-column elementor-element elementor-element-626744b elementor-invisible\" data-id=\"626744b\" data-element_type=\"column\" data-settings=\"{&quot;animation&quot;:&quot;fadeIn&quot;,&quot;animation_delay&quot;:200}\">\n\t\t\t<div class=\"elementor-widget-wrap elementor-element-populated\">\n\t\t\t\t\t\t<div class=\"elementor-element elementor-element-ea2cded elementor-widget elementor-widget-heading\" data-id=\"ea2cded\" data-element_type=\"widget\" data-widget_type=\"heading.default\">\n\t\t\t\t<div class=\"elementor-widget-container\">\n\t\t\t<h2 class=\"elementor-heading-title elementor-size-default\">Benjamin Morel<\/h2>\t\t<\/div>\n\t\t\t\t<\/div>\n\t\t\t\t<div class=\"elementor-element elementor-element-c7a5ac9 elementor-widget elementor-widget-text-editor\" data-id=\"c7a5ac9\" data-element_type=\"widget\" data-widget_type=\"text-editor.default\">\n\t\t\t\t<div class=\"elementor-widget-container\">\n\t\t\t\t\t\t\t<p>Grandson of Alphonse and son of Marc-Antoine Morel, Benjamin represents the third generation at Ch\u00e2teau de Valeyres. He has a degree in viticulture\/oenology from the Changins College and a federal diploma. He has gained experience in Switzerland and abroad. Benjamin took over the family estate in 2004. Married to Anne, who supports him in his work, they are the parents of two daughters. Benjamin is a cellar man with a passion for oenology and is very committed to the development of the C\u00f4tes de l&#8217;Orbe terroir.    <\/p>\t\t\t\t\t\t<\/div>\n\t\t\t\t<\/div>\n\t\t\t\t\t<\/div>\n\t\t<\/div>\n\t\t\t\t<div class=\"elementor-column elementor-col-50 elementor-top-column elementor-element elementor-element-2142670 elementor-invisible\" data-id=\"2142670\" data-element_type=\"column\" data-settings=\"{&quot;animation&quot;:&quot;fadeIn&quot;}\">\n\t\t\t<div class=\"elementor-widget-wrap elementor-element-populated\">\n\t\t\t\t\t\t<div class=\"elementor-element elementor-element-c3e3ebd elementor-widget elementor-widget-heading\" data-id=\"c3e3ebd\" data-element_type=\"widget\" data-widget_type=\"heading.default\">\n\t\t\t\t<div class=\"elementor-widget-container\">\n\t\t\t<h2 class=\"elementor-heading-title elementor-size-default\">Fr\u00e9d\u00e9ric Hostettler<\/h2>\t\t<\/div>\n\t\t\t\t<\/div>\n\t\t\t\t<div class=\"elementor-element elementor-element-7883898 elementor-widget elementor-widget-text-editor\" data-id=\"7883898\" data-element_type=\"widget\" data-widget_type=\"text-editor.default\">\n\t\t\t\t<div class=\"elementor-widget-container\">\n\t\t\t\t\t\t\t<p>Son of a winemaker and child of Valeyres-sous-Rances, Fr\u00e9d\u00e9ric is a man of the field. He has always been passionate about the profession, has a master&#8217;s degree in viticulture and is a graduate of the Changins School of Viticulture\/Oenology. Married to Johanna, who is also involved in the business, they have two children. Fr\u00e9d\u00e9ric is independent and is an important partner at Ch\u00e2teau de Valeyres. He signs with Benjamin Morel several vintages of which the Confidentials range and the new agronomic approach baptized &#8220;Germination&#8221;.    <\/p>\t\t\t\t\t\t<\/div>\n\t\t\t\t<\/div>\n\t\t\t\t\t<\/div>\n\t\t<\/div>\n\t\t\t\t\t<\/div>\n\t\t<\/section>\n\t\t\t\t<section class=\"elementor-section elementor-top-section elementor-element elementor-element-94c48fe elementor-section-boxed elementor-section-height-default elementor-section-height-default\" data-id=\"94c48fe\" data-element_type=\"section\">\n\t\t\t\t\t\t<div class=\"elementor-container elementor-column-gap-default\">\n\t\t\t\t\t<div class=\"elementor-column elementor-col-100 elementor-top-column elementor-element elementor-element-ecc6484\" data-id=\"ecc6484\" data-element_type=\"column\">\n\t\t\t<div class=\"elementor-widget-wrap elementor-element-populated\">\n\t\t\t\t\t\t<div class=\"elementor-element elementor-element-7959497 elementor-widget elementor-widget-heading\" data-id=\"7959497\" data-element_type=\"widget\" data-widget_type=\"heading.default\">\n\t\t\t\t<div class=\"elementor-widget-container\">\n\t\t\t<h2 class=\"elementor-heading-title elementor-size-default\">Podcast<\/h2>\t\t<\/div>\n\t\t\t\t<\/div>\n\t\t\t\t<div class=\"elementor-element elementor-element-3d256bf elementor-widget elementor-widget-wp-widget-media_audio\" data-id=\"3d256bf\" data-element_type=\"widget\" data-widget_type=\"wp-widget-media_audio.default\">\n\t\t\t\t<div class=\"elementor-widget-container\">\n\t\t\t<h5>\u00c9mission Bille en t\u00eate de novembre 2019 \u00e0 propos du domaine<\/h5><audio class=\"wp-audio-shortcode\" id=\"audio-414-1\" preload=\"none\" style=\"width: 100%;\" controls=\"controls\"><source type=\"audio\/mpeg\" src=\"https:\/\/www.chateauvaleyres.ch\/wp-content\/uploads\/2023\/01\/Bille-en-tete-du-20-11-2019.mp3?_=1\" \/><source type=\"audio\/mpeg\" src=\"https:\/\/chateauvaleyres.ch\/wp-content\/uploads\/2023\/01\/Bille-en-tete-du-20-11-2019.mp3?_=1\" \/><a href=\"https:\/\/www.chateauvaleyres.ch\/wp-content\/uploads\/2023\/01\/Bille-en-tete-du-20-11-2019.mp3\">https:\/\/www.chateauvaleyres.ch\/wp-content\/uploads\/2023\/01\/Bille-en-tete-du-20-11-2019.mp3<\/a><\/audio>\t\t<\/div>\n\t\t\t\t<\/div>\n\t\t\t\t\t<\/div>\n\t\t<\/div>\n\t\t\t\t\t<\/div>\n\t\t<\/section>\n\t\t\t\t<section class=\"elementor-section elementor-top-section elementor-element elementor-element-1074c4d elementor-section-boxed elementor-section-height-default elementor-section-height-default\" data-id=\"1074c4d\" data-element_type=\"section\">\n\t\t\t\t\t\t<div class=\"elementor-container elementor-column-gap-default\">\n\t\t\t\t\t<div class=\"elementor-column elementor-col-100 elementor-top-column elementor-element elementor-element-cd42dca\" data-id=\"cd42dca\" data-element_type=\"column\">\n\t\t\t<div class=\"elementor-widget-wrap elementor-element-populated\">\n\t\t\t\t\t\t<div class=\"elementor-element elementor-element-18ae2de elementor-widget elementor-widget-heading\" data-id=\"18ae2de\" data-element_type=\"widget\" data-widget_type=\"heading.default\">\n\t\t\t\t<div class=\"elementor-widget-container\">\n\t\t\t<h2 class=\"elementor-heading-title elementor-size-default\">Philosophy and passion<\/h2>\t\t<\/div>\n\t\t\t\t<\/div>\n\t\t\t\t<div class=\"elementor-element elementor-element-d12e56e elementor-invisible elementor-widget elementor-widget-text-editor\" data-id=\"d12e56e\" data-element_type=\"widget\" data-settings=\"{&quot;_animation&quot;:&quot;fadeIn&quot;}\" data-widget_type=\"text-editor.default\">\n\t\t\t\t<div class=\"elementor-widget-container\">\n\t\t\t\t\t\t\t<p>The third generation at Ch\u00e2teau de Valeyres, <strong>Benjamin Morel<\/strong>, who has a background in viticulture and oenology, respects the heritage of his forefathers. After spending a few years wandering through the wine world, he returned to the estate in 2004 and took over the operation. He makes bold, decisive choices to enhance the quality of the wines, showcases the C\u00f4tes de l\u2019Orbe terroir to its fullest, and shifts towards selling bottled wines to private customers and restaurants.<br>This is when the \u201cConfidentiel\u201d range is born, created in close collaboration with Fr\u00e9d\u00e9ric Hostettler, master winegrower and above all Benjamin\u2019s childhood friend. The idea is to cultivate and produce wines jointly, by combining several skills, in order to increase their complexity while respecting the work tool and its environment.<\/p><p>At the same time, and for several years now, three other winemakers from the village and neighboring villages have been working closely with Benjamin. Together, they strive to produce the finest grapes, thus contributing to the reputation of the estate&#8217;s wines and that of the C\u00f4tes de l&#8217;Orbe. <\/p>\t\t\t\t\t\t<\/div>\n\t\t\t\t<\/div>\n\t\t\t\t<div class=\"elementor-element elementor-element-e0de860 elementor-invisible elementor-widget elementor-widget-heading\" data-id=\"e0de860\" data-element_type=\"widget\" data-settings=\"{&quot;_animation&quot;:&quot;fadeIn&quot;}\" data-widget_type=\"heading.default\">\n\t\t\t\t<div class=\"elementor-widget-container\">\n\t\t\t<h2 class=\"elementor-heading-title elementor-size-default\">Authentic wines, produced and matured by passionate people, a warm and family welcome, identify well the philosophy that reigns at Ch\u00e2teau de Valeyres.<\/h2>\t\t<\/div>\n\t\t\t\t<\/div>\n\t\t\t\t\t<\/div>\n\t\t<\/div>\n\t\t\t\t\t<\/div>\n\t\t<\/section>\n\t\t\t\t<section class=\"elementor-section elementor-top-section elementor-element elementor-element-9763a56 elementor-section-full_width elementor-section-height-min-height elementor-section-items-stretch elementor-section-stretched elementor-section-height-default elementor-invisible\" data-id=\"9763a56\" data-element_type=\"section\" data-settings=\"{&quot;stretch_section&quot;:&quot;section-stretched&quot;,&quot;animation&quot;:&quot;fadeInUp&quot;}\">\n\t\t\t\t\t\t<div class=\"elementor-container elementor-column-gap-no\">\n\t\t\t\t\t<div class=\"elementor-column elementor-col-33 elementor-top-column elementor-element elementor-element-5beae7d\" data-id=\"5beae7d\" data-element_type=\"column\" data-settings=\"{&quot;background_background&quot;:&quot;classic&quot;}\">\n\t\t\t<div class=\"elementor-widget-wrap\">\n\t\t\t\t\t\t\t<\/div>\n\t\t<\/div>\n\t\t\t\t<div class=\"elementor-column elementor-col-33 elementor-top-column elementor-element elementor-element-9b8e57f\" data-id=\"9b8e57f\" data-element_type=\"column\" data-settings=\"{&quot;background_background&quot;:&quot;classic&quot;}\">\n\t\t\t<div class=\"elementor-widget-wrap\">\n\t\t\t\t\t\t\t<\/div>\n\t\t<\/div>\n\t\t\t\t<div class=\"elementor-column elementor-col-33 elementor-top-column elementor-element elementor-element-2adc3a4\" data-id=\"2adc3a4\" data-element_type=\"column\" data-settings=\"{&quot;background_background&quot;:&quot;classic&quot;}\">\n\t\t\t<div class=\"elementor-widget-wrap elementor-element-populated\">\n\t\t\t\t\t\t<div class=\"elementor-element elementor-element-4f8a84a elementor-widget elementor-widget-menu-anchor\" data-id=\"4f8a84a\" data-element_type=\"widget\" data-widget_type=\"menu-anchor.default\">\n\t\t\t\t<div class=\"elementor-widget-container\">\n\t\t\t\t\t<div class=\"elementor-menu-anchor\" id=\"avenir\"><\/div>\n\t\t\t\t<\/div>\n\t\t\t\t<\/div>\n\t\t\t\t\t<\/div>\n\t\t<\/div>\n\t\t\t\t\t<\/div>\n\t\t<\/section>\n\t\t\t\t<section class=\"elementor-section elementor-top-section elementor-element elementor-element-e0d5dcb elementor-section-stretched elementor-section-boxed elementor-section-height-default elementor-section-height-default\" data-id=\"e0d5dcb\" data-element_type=\"section\" data-settings=\"{&quot;stretch_section&quot;:&quot;section-stretched&quot;,&quot;background_background&quot;:&quot;classic&quot;}\">\n\t\t\t\t\t\t<div class=\"elementor-container elementor-column-gap-default\">\n\t\t\t\t\t<div class=\"elementor-column elementor-col-100 elementor-top-column elementor-element elementor-element-a2fbb81\" data-id=\"a2fbb81\" data-element_type=\"column\">\n\t\t\t<div class=\"elementor-widget-wrap elementor-element-populated\">\n\t\t\t\t\t\t<div class=\"elementor-element elementor-element-e7e5ad4 elementor-invisible elementor-widget elementor-widget-heading\" data-id=\"e7e5ad4\" data-element_type=\"widget\" data-settings=\"{&quot;_animation&quot;:&quot;fadeIn&quot;}\" data-widget_type=\"heading.default\">\n\t\t\t\t<div class=\"elementor-widget-container\">\n\t\t\t<h2 class=\"elementor-heading-title elementor-size-default\">Viticulture of the future<\/h2>\t\t<\/div>\n\t\t\t\t<\/div>\n\t\t\t\t<div class=\"elementor-element elementor-element-be43e5f elementor-invisible elementor-widget elementor-widget-text-editor\" data-id=\"be43e5f\" data-element_type=\"widget\" data-settings=\"{&quot;_animation&quot;:&quot;fadeIn&quot;}\" data-widget_type=\"text-editor.default\">\n\t\t\t\t<div class=\"elementor-widget-container\">\n\t\t\t\t\t\t\t<div id=\"cc-m-9567326769\" class=\"j-module n j-textWithImage \"><div id=\"cc-m-textwithimage-9567326769\" class=\"cc-m-textwithimage-inline-rte\" data-name=\"text\" data-action=\"text\"><p>The profession of winegrower is a profession in constant motion. For hundreds of years it has faced many difficulties and has overcome them with fatality, determination and imagination. The challenge today is to work in a respectful and sustainable way in order to guarantee a quality vineyard for future generations.  <\/p><p>We have to face the different diseases of the vine (mainly oidium and mildiou). Whether we work in reasoned, organic or biodynamic culture, we have no other choice than to protect the vines with phytosanitary products. We are the first ones concerned, because we are the applicators. Very conscious of the risks, we assume our ecological and economic responsibilities within our exploitation.   <\/p><p>From this observation and in order to explore a more efficient viticulture, we have been testing for a few years, a very interesting agronomic model. We have planted new grape varieties obtained by floral crosses between different vine species called &#8220;interspecific&#8221; grape varieties. In contrast, our familiar Pinot noir or Chasselas grape varieties are called &#8220;intraspecific&#8221; grape varieties.  <\/p><p>These new varieties named Sauvignac, Divico or Muscaris present exceptional agronomic assets. They have obtained from their parents an almost total resistance to the main vine diseases. <\/p><p>The wines resulting from these selections are now in bottle and are presented to you under our new range baptized &#8220;<b>Germination<\/b>&#8220;. Wines globally more rustic and more aromatic, viticulture of future or curiosity, time will tell us&#8230; <\/p><\/div><\/div>\t\t\t\t\t\t<\/div>\n\t\t\t\t<\/div>\n\t\t\t\t<div class=\"elementor-element elementor-element-5b68bbe elementor-widget elementor-widget-menu-anchor\" data-id=\"5b68bbe\" data-element_type=\"widget\" data-widget_type=\"menu-anchor.default\">\n\t\t\t\t<div class=\"elementor-widget-container\">\n\t\t\t\t\t<div class=\"elementor-menu-anchor\" id=\"Histoire\"><\/div>\n\t\t\t\t<\/div>\n\t\t\t\t<\/div>\n\t\t\t\t\t<\/div>\n\t\t<\/div>\n\t\t\t\t\t<\/div>\n\t\t<\/section>\n\t\t\t\t<section class=\"elementor-section elementor-top-section elementor-element elementor-element-0b7af74 elementor-section-stretched elementor-section-boxed elementor-section-height-default elementor-section-height-default\" data-id=\"0b7af74\" data-element_type=\"section\" data-settings=\"{&quot;stretch_section&quot;:&quot;section-stretched&quot;,&quot;background_background&quot;:&quot;classic&quot;}\">\n\t\t\t\t\t\t<div class=\"elementor-container elementor-column-gap-default\">\n\t\t\t\t\t<div class=\"elementor-column elementor-col-100 elementor-top-column elementor-element elementor-element-eb4072e\" data-id=\"eb4072e\" data-element_type=\"column\">\n\t\t\t<div class=\"elementor-widget-wrap elementor-element-populated\">\n\t\t\t\t\t\t<section class=\"elementor-section elementor-inner-section elementor-element elementor-element-e1eb394 elementor-section-boxed elementor-section-height-default elementor-section-height-default\" data-id=\"e1eb394\" data-element_type=\"section\">\n\t\t\t\t\t\t<div class=\"elementor-container elementor-column-gap-default\">\n\t\t\t\t\t<div class=\"elementor-column elementor-col-50 elementor-inner-column elementor-element elementor-element-18a4e9d elementor-invisible\" data-id=\"18a4e9d\" data-element_type=\"column\" data-settings=\"{&quot;background_background&quot;:&quot;classic&quot;,&quot;animation&quot;:&quot;fadeIn&quot;}\">\n\t\t\t<div class=\"elementor-widget-wrap elementor-element-populated\">\n\t\t\t\t\t\t<div class=\"elementor-element elementor-element-83d7b0f animated-slow e-transform elementor-invisible elementor-widget elementor-widget-image\" data-id=\"83d7b0f\" data-element_type=\"widget\" data-settings=\"{&quot;motion_fx_motion_fx_scrolling&quot;:&quot;yes&quot;,&quot;motion_fx_translateY_effect&quot;:&quot;yes&quot;,&quot;motion_fx_translateY_speed&quot;:{&quot;unit&quot;:&quot;px&quot;,&quot;size&quot;:1.2,&quot;sizes&quot;:[]},&quot;_animation&quot;:&quot;fadeInUp&quot;,&quot;_transform_scale_effect_hover&quot;:{&quot;unit&quot;:&quot;px&quot;,&quot;size&quot;:1.01,&quot;sizes&quot;:[]},&quot;motion_fx_translateY_affectedRange&quot;:{&quot;unit&quot;:&quot;%&quot;,&quot;size&quot;:&quot;&quot;,&quot;sizes&quot;:{&quot;start&quot;:0,&quot;end&quot;:100}},&quot;motion_fx_devices&quot;:[&quot;desktop&quot;,&quot;tablet&quot;,&quot;mobile&quot;],&quot;_transform_scale_effect_hover_tablet&quot;:{&quot;unit&quot;:&quot;px&quot;,&quot;size&quot;:&quot;&quot;,&quot;sizes&quot;:[]},&quot;_transform_scale_effect_hover_mobile&quot;:{&quot;unit&quot;:&quot;px&quot;,&quot;size&quot;:&quot;&quot;,&quot;sizes&quot;:[]}}\" data-widget_type=\"image.default\">\n\t\t\t\t<div class=\"elementor-widget-container\">\n\t\t\t\t\t\t\t\t\t\t<figure class=\"wp-caption\">\n\t\t\t\t\t\t\t\t\t\t\t<a href=\"https:\/\/shop.chateauvaleyres.ch\/fr\/accueil\/30-104-germination-blanc-2022.html#\/26-contenance-50_cl\">\n\t\t\t\t\t\t\t<img decoding=\"async\" width=\"291\" height=\"933\" src=\"https:\/\/www.chateauvaleyres.ch\/wp-content\/uploads\/2022\/11\/germination-blanc-2022-e1669053690304.png\" class=\"attachment-1536x1536 size-1536x1536 wp-image-391\" alt=\"\" srcset=\"https:\/\/www.chateauvaleyres.ch\/wp-content\/uploads\/2022\/11\/germination-blanc-2022-e1669053690304.png 291w, https:\/\/www.chateauvaleyres.ch\/wp-content\/uploads\/2022\/11\/germination-blanc-2022-e1669053690304-94x300.png 94w\" sizes=\"(max-width: 291px) 100vw, 291px\" \/>\t\t\t\t\t\t\t\t<\/a>\n\t\t\t\t\t\t\t\t\t\t\t<figcaption class=\"widget-image-caption wp-caption-text\"><\/figcaption>\n\t\t\t\t\t\t\t\t\t\t<\/figure>\n\t\t\t\t\t\t\t<\/div>\n\t\t\t\t<\/div>\n\t\t\t\t<div class=\"elementor-element elementor-element-c48d54b elementor-widget elementor-widget-heading\" data-id=\"c48d54b\" data-element_type=\"widget\" data-widget_type=\"heading.default\">\n\t\t\t\t<div class=\"elementor-widget-container\">\n\t\t\t<h2 class=\"elementor-heading-title elementor-size-default\">Germination Blanc<\/h2>\t\t<\/div>\n\t\t\t\t<\/div>\n\t\t\t\t\t<\/div>\n\t\t<\/div>\n\t\t\t\t<div class=\"elementor-column elementor-col-50 elementor-inner-column elementor-element elementor-element-52aa842 elementor-invisible\" data-id=\"52aa842\" data-element_type=\"column\" data-settings=\"{&quot;background_background&quot;:&quot;classic&quot;,&quot;animation&quot;:&quot;fadeIn&quot;}\">\n\t\t\t<div class=\"elementor-widget-wrap elementor-element-populated\">\n\t\t\t\t\t\t<div class=\"elementor-element elementor-element-8a3eac3 animated-slow e-transform elementor-invisible elementor-widget elementor-widget-image\" data-id=\"8a3eac3\" data-element_type=\"widget\" data-settings=\"{&quot;motion_fx_motion_fx_scrolling&quot;:&quot;yes&quot;,&quot;motion_fx_translateY_effect&quot;:&quot;yes&quot;,&quot;motion_fx_translateY_speed&quot;:{&quot;unit&quot;:&quot;px&quot;,&quot;size&quot;:1.2,&quot;sizes&quot;:[]},&quot;_animation&quot;:&quot;fadeInUp&quot;,&quot;_transform_scale_effect_hover&quot;:{&quot;unit&quot;:&quot;px&quot;,&quot;size&quot;:1.01,&quot;sizes&quot;:[]},&quot;motion_fx_translateY_affectedRange&quot;:{&quot;unit&quot;:&quot;%&quot;,&quot;size&quot;:&quot;&quot;,&quot;sizes&quot;:{&quot;start&quot;:0,&quot;end&quot;:100}},&quot;motion_fx_devices&quot;:[&quot;desktop&quot;,&quot;tablet&quot;,&quot;mobile&quot;],&quot;_transform_scale_effect_hover_tablet&quot;:{&quot;unit&quot;:&quot;px&quot;,&quot;size&quot;:&quot;&quot;,&quot;sizes&quot;:[]},&quot;_transform_scale_effect_hover_mobile&quot;:{&quot;unit&quot;:&quot;px&quot;,&quot;size&quot;:&quot;&quot;,&quot;sizes&quot;:[]}}\" data-widget_type=\"image.default\">\n\t\t\t\t<div class=\"elementor-widget-container\">\n\t\t\t\t\t\t\t\t\t\t<figure class=\"wp-caption\">\n\t\t\t\t\t\t\t\t\t\t\t<a href=\"https:\/\/shop.chateauvaleyres.ch\/fr\/catalogue\/42-germination-rouge-2021.html\">\n\t\t\t\t\t\t\t<img loading=\"lazy\" decoding=\"async\" width=\"330\" height=\"1024\" src=\"https:\/\/www.chateauvaleyres.ch\/wp-content\/uploads\/2022\/11\/germination-rouge-2021-e1669053778848-330x1024.png\" class=\"attachment-large size-large wp-image-381\" alt=\"\" srcset=\"https:\/\/www.chateauvaleyres.ch\/wp-content\/uploads\/2022\/11\/germination-rouge-2021-e1669053778848-330x1024.png 330w, https:\/\/www.chateauvaleyres.ch\/wp-content\/uploads\/2022\/11\/germination-rouge-2021-e1669053778848-97x300.png 97w, https:\/\/www.chateauvaleyres.ch\/wp-content\/uploads\/2022\/11\/germination-rouge-2021-e1669053778848.png 387w\" sizes=\"(max-width: 330px) 100vw, 330px\" \/>\t\t\t\t\t\t\t\t<\/a>\n\t\t\t\t\t\t\t\t\t\t\t<figcaption class=\"widget-image-caption wp-caption-text\"><\/figcaption>\n\t\t\t\t\t\t\t\t\t\t<\/figure>\n\t\t\t\t\t\t\t<\/div>\n\t\t\t\t<\/div>\n\t\t\t\t<div class=\"elementor-element elementor-element-6255fb7 elementor-widget elementor-widget-heading\" data-id=\"6255fb7\" data-element_type=\"widget\" data-widget_type=\"heading.default\">\n\t\t\t\t<div class=\"elementor-widget-container\">\n\t\t\t<h2 class=\"elementor-heading-title elementor-size-default\">Germination Rouge<\/h2>\t\t<\/div>\n\t\t\t\t<\/div>\n\t\t\t\t\t<\/div>\n\t\t<\/div>\n\t\t\t\t\t<\/div>\n\t\t<\/section>\n\t\t\t\t\t<\/div>\n\t\t<\/div>\n\t\t\t\t\t<\/div>\n\t\t<\/section>\n\t\t\t\t<section class=\"elementor-section elementor-top-section elementor-element elementor-element-8aa94b0 elementor-section-boxed elementor-section-height-default elementor-section-height-default\" data-id=\"8aa94b0\" data-element_type=\"section\" data-settings=\"{&quot;background_background&quot;:&quot;classic&quot;}\">\n\t\t\t\t\t\t\t<div class=\"elementor-background-overlay\"><\/div>\n\t\t\t\t\t\t\t<div class=\"elementor-container elementor-column-gap-default\">\n\t\t\t\t\t<div class=\"elementor-column elementor-col-100 elementor-top-column elementor-element elementor-element-ce8d2ff\" data-id=\"ce8d2ff\" data-element_type=\"column\">\n\t\t\t<div class=\"elementor-widget-wrap elementor-element-populated\">\n\t\t\t\t\t\t<div class=\"elementor-element elementor-element-8ec4e99 elementor-widget elementor-widget-heading\" data-id=\"8ec4e99\" data-element_type=\"widget\" data-widget_type=\"heading.default\">\n\t\t\t\t<div class=\"elementor-widget-container\">\n\t\t\t<h2 class=\"elementor-heading-title elementor-size-default\">The Ch\u00e2teau de Valeyres since the 17th century<\/h2>\t\t<\/div>\n\t\t\t\t<\/div>\n\t\t\t\t\t<\/div>\n\t\t<\/div>\n\t\t\t\t\t<\/div>\n\t\t<\/section>\n\t\t\t\t<section class=\"elementor-section elementor-top-section elementor-element elementor-element-f254436 elementor-section-boxed elementor-section-height-default elementor-section-height-default\" data-id=\"f254436\" data-element_type=\"section\">\n\t\t\t\t\t\t<div class=\"elementor-container elementor-column-gap-default\">\n\t\t\t\t\t<div class=\"elementor-column elementor-col-100 elementor-top-column elementor-element elementor-element-9ec63c6\" data-id=\"9ec63c6\" data-element_type=\"column\">\n\t\t\t<div class=\"elementor-widget-wrap elementor-element-populated\">\n\t\t\t\t\t\t<div class=\"elementor-element elementor-element-e438954 elementor-widget elementor-widget-text-editor\" data-id=\"e438954\" data-element_type=\"widget\" data-widget_type=\"text-editor.default\">\n\t\t\t\t<div class=\"elementor-widget-container\">\n\t\t\t\t\t\t\t<p>Around 1820, the southern facade of the castle was transformed from top to bottom. The new structure was inspired by the neoclassical style in vogue in Geneva, where the von Bonstetten family lived year-round. A large loggia and colonnades give the old Bernese house an Italian air. The interior of the house was renovated at the same time. This led to the creation of a magnificent oval salon and a large hall.      <\/p><p>After Charles-Victor, the second great man of the family was Gustave Charles, son of Charles-David. An eminent archaeologist, he led numerous excavations in French-speaking Switzerland. His flair allowed him to unearth the splendid Roman mosaics of Orbe. Surprisingly, when he discovered these ancient works, he failed to uncover the astonishing frescoes that cover his castle!   <\/p><p>In 2004, Marc-Antoine Morel passes the property to his sons, Abram, Romain and Benjamin and then begin heavy renovation work on the castle.<\/p>\t\t\t\t\t\t<\/div>\n\t\t\t\t<\/div>\n\t\t\t\t\t<\/div>\n\t\t<\/div>\n\t\t\t\t\t<\/div>\n\t\t<\/section>\n\t\t\t\t<section class=\"elementor-section elementor-top-section elementor-element elementor-element-9efc461 elementor-section-full_width elementor-section-height-min-height elementor-section-items-stretch elementor-section-stretched elementor-section-height-default\" data-id=\"9efc461\" data-element_type=\"section\" data-settings=\"{&quot;stretch_section&quot;:&quot;section-stretched&quot;}\">\n\t\t\t\t\t\t<div class=\"elementor-container elementor-column-gap-no\">\n\t\t\t\t\t<div class=\"elementor-column elementor-col-33 elementor-top-column elementor-element elementor-element-56744ff\" data-id=\"56744ff\" data-element_type=\"column\" data-settings=\"{&quot;background_background&quot;:&quot;classic&quot;}\">\n\t\t\t<div class=\"elementor-widget-wrap\">\n\t\t\t\t\t\t\t<\/div>\n\t\t<\/div>\n\t\t\t\t<div class=\"elementor-column elementor-col-33 elementor-top-column elementor-element elementor-element-b06c36f\" data-id=\"b06c36f\" data-element_type=\"column\" data-settings=\"{&quot;background_background&quot;:&quot;classic&quot;}\">\n\t\t\t<div class=\"elementor-widget-wrap\">\n\t\t\t\t\t\t\t<\/div>\n\t\t<\/div>\n\t\t\t\t<div class=\"elementor-column elementor-col-33 elementor-top-column elementor-element elementor-element-82e598c\" data-id=\"82e598c\" data-element_type=\"column\" data-settings=\"{&quot;background_background&quot;:&quot;classic&quot;}\">\n\t\t\t<div class=\"elementor-widget-wrap\">\n\t\t\t\t\t\t\t<\/div>\n\t\t<\/div>\n\t\t\t\t\t<\/div>\n\t\t<\/section>\n\t\t\t\t<section class=\"elementor-section elementor-top-section elementor-element elementor-element-aa30d5d elementor-section-boxed elementor-section-height-default elementor-section-height-default\" data-id=\"aa30d5d\" data-element_type=\"section\">\n\t\t\t\t\t\t<div class=\"elementor-container elementor-column-gap-default\">\n\t\t\t\t\t<div class=\"elementor-column elementor-col-100 elementor-top-column elementor-element elementor-element-e369f18\" data-id=\"e369f18\" data-element_type=\"column\">\n\t\t\t<div class=\"elementor-widget-wrap elementor-element-populated\">\n\t\t\t\t\t\t<div class=\"elementor-element elementor-element-5cb5842 elementor-widget elementor-widget-text-editor\" data-id=\"5cb5842\" data-element_type=\"widget\" data-widget_type=\"text-editor.default\">\n\t\t\t\t<div class=\"elementor-widget-container\">\n\t\t\t\t\t\t\tAcquis en 1945 par Alphonse Morel, suivi par son fils Marc-Antoine.\nAujourd\u2019hui c\u2019est Abram, Romain et Benjamin Morel qui repr\u00e9sentent la 3\u00e8me g\u00e9n\u00e9ration sur cette magnifique propri\u00e9t\u00e9&#8230; \n\nLa premi\u00e8re partie du 17\u00e8me si\u00e8cle voit l\u2019installation de plusieurs notables bernois dans le Pays de Vaud.\nSuite \u00e0 la victoire sur la Savoie, ces Bernois rach\u00e8tent des terres ou des biens immobiliers aux seigneurs vaincus.\nEn 1630, la famille Manuel, qui appartient \u00e0 la bourgeoisie patricienne de la Cit\u00e9 des ours malgr\u00e9 son patronyme latin, fait \u00e9difier une grande demeure \u00e0 Valeyres-sous-Rances.   De style typiquement bernois, la construction porte au-dessus de la porte d\u2019entr\u00e9e les initiales d\u2019un ma\u00eetre-ma\u00e7on accol\u00e9es \u00e0 la date de construction.\nIl est transmis, par h\u00e9ritage, aux barons von Bonstetten.   Ces nobles figurent parmi les Bernois les plus influents de l\u2019\u00e9poque. Deux membres de la famille jouent un r\u00f4le important pour le canton de Vaud.\t\t\t\t\t\t<\/div>\n\t\t\t\t<\/div>\n\t\t\t\t<div class=\"elementor-element elementor-element-7a29674 elementor-widget elementor-widget-text-editor\" data-id=\"7a29674\" data-element_type=\"widget\" data-widget_type=\"text-editor.default\">\n\t\t\t\t<div class=\"elementor-widget-container\">\n\t\t\t\t\t\t\t<p>The first, Charles-Victor von Bonstetten (1745-1832), held the office of bailiff of Nyon from 1787 until 1793. Influenced by the philosophy of the Enlightenment, he attracted the sympathy of his subjects, and at the same time the disapproval of the Bernese hierarchy. Charles-Victor von Bonstetten was celebrated by the Waldensians as a true patriarch, but he returned to Geneva after 1805. Charles Hilty, liberal historian of the Helvetic Republic, named him &#8220;best bailiff&#8221; of the old Republic, because he often opposed the regime of the Ancients. After the independence of Vaud, he lived for a period in Denmark, but he did not abandon his property, such as the Ch\u00e2teau de Valeyres, which was still occupied by his wife and son. The latter, named Charles-David, made major changes to the property. He tore out the vineyards adjacent to the house to replace them with a romantic garden. This park, inspired by the &#8220;New Heloise&#8221;, includes several ponds connected by streams, an orange grove, yew groves and a thatched cottage. Today everything has disappeared except for a lime tree, which houses the last residence of Charles-Victor&#8217;s wife.<\/p>\t\t\t\t\t\t<\/div>\n\t\t\t\t<\/div>\n\t\t\t\t<div class=\"elementor-element elementor-element-5152537 elementor-widget elementor-widget-menu-anchor\" data-id=\"5152537\" data-element_type=\"widget\" data-widget_type=\"menu-anchor.default\">\n\t\t\t\t<div class=\"elementor-widget-container\">\n\t\t\t\t\t<div class=\"elementor-menu-anchor\" id=\"Visite\"><\/div>\n\t\t\t\t<\/div>\n\t\t\t\t<\/div>\n\t\t\t\t\t<\/div>\n\t\t<\/div>\n\t\t\t\t\t<\/div>\n\t\t<\/section>\n\t\t\t\t<section class=\"elementor-section elementor-top-section elementor-element elementor-element-2ac332b elementor-section-stretched elementor-section-boxed elementor-section-height-default elementor-section-height-default\" data-id=\"2ac332b\" data-element_type=\"section\" data-settings=\"{&quot;stretch_section&quot;:&quot;section-stretched&quot;,&quot;background_background&quot;:&quot;classic&quot;}\">\n\t\t\t\t\t\t<div class=\"elementor-container elementor-column-gap-default\">\n\t\t\t\t\t<div class=\"elementor-column elementor-col-100 elementor-top-column elementor-element elementor-element-1f9868a\" data-id=\"1f9868a\" data-element_type=\"column\">\n\t\t\t<div class=\"elementor-widget-wrap elementor-element-populated\">\n\t\t\t\t\t\t<div class=\"elementor-element elementor-element-80cd8b6 elementor-invisible elementor-widget elementor-widget-heading\" data-id=\"80cd8b6\" data-element_type=\"widget\" data-settings=\"{&quot;_animation&quot;:&quot;fadeIn&quot;}\" data-widget_type=\"heading.default\">\n\t\t\t\t<div class=\"elementor-widget-container\">\n\t\t\t<h2 class=\"elementor-heading-title elementor-size-default\">Pay us a little visit<\/h2>\t\t<\/div>\n\t\t\t\t<\/div>\n\t\t\t\t<div class=\"elementor-element elementor-element-b46e545 elementor-invisible elementor-widget elementor-widget-text-editor\" data-id=\"b46e545\" data-element_type=\"widget\" data-settings=\"{&quot;_animation&quot;:&quot;fadeIn&quot;}\" data-widget_type=\"text-editor.default\">\n\t\t\t\t<div class=\"elementor-widget-container\">\n\t\t\t\t\t\t\t<div id=\"cc-m-9567326769\" class=\"j-module n j-textWithImage \"><div id=\"cc-m-textwithimage-9567326769\" class=\"cc-m-textwithimage-inline-rte\" data-name=\"text\" data-action=\"text\"><p>&#8220;The Carnotzet&#8221; is a friendly place ready to welcome you for a tasting or an aperitif in good company. Open Saturday morning and by appointment during the week. Choice of wines for a birthday, event or simply to complete your cellar, do not hesitate to come and visit us  <\/p><\/div><\/div>\t\t\t\t\t\t<\/div>\n\t\t\t\t<\/div>\n\t\t\t\t<section class=\"elementor-section elementor-inner-section elementor-element elementor-element-d2d3ae6 elementor-section-boxed elementor-section-height-default elementor-section-height-default\" data-id=\"d2d3ae6\" data-element_type=\"section\">\n\t\t\t\t\t\t<div class=\"elementor-container elementor-column-gap-default\">\n\t\t\t\t\t<div class=\"elementor-column elementor-col-50 elementor-inner-column elementor-element elementor-element-7bd6751\" data-id=\"7bd6751\" data-element_type=\"column\" data-settings=\"{&quot;background_background&quot;:&quot;classic&quot;}\">\n\t\t\t<div class=\"elementor-widget-wrap elementor-element-populated\">\n\t\t\t\t\t\t<div class=\"elementor-element elementor-element-be50145 elementor-widget elementor-widget-heading\" data-id=\"be50145\" data-element_type=\"widget\" data-widget_type=\"heading.default\">\n\t\t\t\t<div class=\"elementor-widget-container\">\n\t\t\t<h2 class=\"elementor-heading-title elementor-size-default\">Schedule at the Domaine<\/h2>\t\t<\/div>\n\t\t\t\t<\/div>\n\t\t\t\t<div class=\"elementor-element elementor-element-d8bd0f7 elementor-invisible elementor-widget elementor-widget-text-editor\" data-id=\"d8bd0f7\" data-element_type=\"widget\" data-settings=\"{&quot;_animation&quot;:&quot;fadeIn&quot;}\" data-widget_type=\"text-editor.default\">\n\t\t\t\t<div class=\"elementor-widget-container\">\n\t\t\t\t\t\t\t<div id=\"cc-m-9617563169\" class=\"j-module n j-header \"><p id=\"cc-m-header-9617563169\"><strong>By appointment on weekdays<\/strong><\/p><\/div><div id=\"cc-m-9617563069\" class=\"j-module n j-text \"><p>Tel. +41 079 658 26 14.<\/p><p><strong>Saturday<br><\/strong><\/p><p>8am to 12.30pm<\/p><p><strong>Closed<\/strong> <strong>on Sunday<\/strong><\/p><\/div>\t\t\t\t\t\t<\/div>\n\t\t\t\t<\/div>\n\t\t\t\t\t<\/div>\n\t\t<\/div>\n\t\t\t\t<div class=\"elementor-column elementor-col-50 elementor-inner-column elementor-element elementor-element-9fac8ea\" data-id=\"9fac8ea\" data-element_type=\"column\">\n\t\t\t<div class=\"elementor-widget-wrap elementor-element-populated\">\n\t\t\t\t\t\t<div class=\"elementor-element elementor-element-65a18f7 elementor-widget elementor-widget-heading\" data-id=\"65a18f7\" data-element_type=\"widget\" data-widget_type=\"heading.default\">\n\t\t\t\t<div class=\"elementor-widget-container\">\n\t\t\t<h2 class=\"elementor-heading-title elementor-size-default\">Les prochains rendez-vous<\/h2>\t\t<\/div>\n\t\t\t\t<\/div>\n\t\t\t\t<div class=\"elementor-element elementor-element-8eaf9bd elementor-invisible elementor-widget elementor-widget-text-editor\" data-id=\"8eaf9bd\" data-element_type=\"widget\" data-settings=\"{&quot;_animation&quot;:&quot;fadeIn&quot;}\" data-widget_type=\"text-editor.default\">\n\t\t\t\t<div class=\"elementor-widget-container\">\n\t\t\t\t\t\t\t<div id=\"cc-m-9617563169\" class=\"j-module n j-header \"><p><strong>The cellar is open for sale and tasting every Saturday morning from 8am to 12.30pm.<\/strong><\/p><p><em>It is strongly recommended to announce your visit at <a href=\"mailto:info@chateauvaleyres.ch\">info@chateauvaleyres.ch<\/a> or <a href=\"tel:079%20658%2026%2014\">079 658 26 14<\/a>.<\/em><\/p><p>You can also pick up your order during the week by announcing yourself beforehand.<\/p><\/div>\t\t\t\t\t\t<\/div>\n\t\t\t\t<\/div>\n\t\t\t\t\t<\/div>\n\t\t<\/div>\n\t\t\t\t\t<\/div>\n\t\t<\/section>\n\t\t\t\t\t<\/div>\n\t\t<\/div>\n\t\t\t\t\t<\/div>\n\t\t<\/section>\n\t\t\t\t<\/div>\n\t\t","protected":false},"excerpt":{"rendered":"<p>Benjamin Morel Grandson of Alphonse and son of Marc-Antoine Morel, Benjamin represents the third generation at Ch\u00e2teau de Valeyres. He has a degree in viticulture\/oenology from the Changins College and a federal diploma. He has gained experience in Switzerland and abroad. Benjamin took over the family estate in 2004. Married to Anne, who supports him [&hellip;]<\/p>\n","protected":false},"author":2,"featured_media":0,"parent":0,"menu_order":0,"comment_status":"closed","ping_status":"closed","template":"","meta":{"footnotes":""},"class_list":["post-414","page","type-page","status-publish","hentry"],"_links":{"self":[{"href":"https:\/\/www.chateauvaleyres.ch\/en\/wp-json\/wp\/v2\/pages\/414","targetHints":{"allow":["GET"]}}],"collection":[{"href":"https:\/\/www.chateauvaleyres.ch\/en\/wp-json\/wp\/v2\/pages"}],"about":[{"href":"https:\/\/www.chateauvaleyres.ch\/en\/wp-json\/wp\/v2\/types\/page"}],"author":[{"embeddable":true,"href":"https:\/\/www.chateauvaleyres.ch\/en\/wp-json\/wp\/v2\/users\/2"}],"replies":[{"embeddable":true,"href":"https:\/\/www.chateauvaleyres.ch\/en\/wp-json\/wp\/v2\/comments?post=414"}],"version-history":[{"count":32,"href":"https:\/\/www.chateauvaleyres.ch\/en\/wp-json\/wp\/v2\/pages\/414\/revisions"}],"predecessor-version":[{"id":1393,"href":"https:\/\/www.chateauvaleyres.ch\/en\/wp-json\/wp\/v2\/pages\/414\/revisions\/1393"}],"wp:attachment":[{"href":"https:\/\/www.chateauvaleyres.ch\/en\/wp-json\/wp\/v2\/media?parent=414"}],"curies":[{"name":"wp","href":"https:\/\/api.w.org\/{rel}","templated":true}]}}